{"id":922,"date":"2026-04-28T01:44:20","date_gmt":"2026-04-28T01:44:20","guid":{"rendered":"https:\/\/www.aprilfortier.ca\/programmes\/dep\/photography\/"},"modified":"2026-04-29T02:25:18","modified_gmt":"2026-04-29T02:25:18","slug":"photographie","status":"publish","type":"page","link":"https:\/\/www.april-fortier.com\/fr\/programmes\/dep\/photographie\/","title":{"rendered":"Photographie"},"content":{"rendered":"<p>[et_pb_section fb_built=\u00a0\u00bb1&Prime; admin_label=\u00a0\u00bbHero section\u00a0\u00bb _builder_version=\u00a0\u00bb4.27.6&Prime; use_background_color_gradient=\u00a0\u00bbon\u00a0\u00bb background_color_gradient_stops=\u00a0\u00bbrgba(150,105,97,0.38) 0%|rgba(0,26,79,0.84) 100%\u00a0\u00bb background_color_gradient_overlays_image=\u00a0\u00bbon\u00a0\u00bb background_color_gradient_start=\u00a0\u00bbrgba(150,105,97,0.67)\u00a0\u00bb background_color_gradient_end=\u00a0\u00bbrgba(2,0,76,0.84)\u00a0\u00bb background_image=\u00a0\u00bbhttps:\/\/www.aprilfortier.ca\/wp-content\/uploads\/2026\/04\/photographer.jpg\u00a0\u00bb custom_margin=\u00a0\u00bb|||\u00a0\u00bb custom_padding=\u00a0\u00bb5%||12%||false|false\u00a0\u00bb global_colors_info=\u00a0\u00bb{}\u00a0\u00bb][et_pb_row column_structure=\u00a0\u00bb2_3,1_3&Prime; _builder_version=\u00a0\u00bb4.16&Prime; custom_margin=\u00a0\u00bb|||\u00a0\u00bb global_colors_info=\u00a0\u00bb{}\u00a0\u00bb][et_pb_column type=\u00a0\u00bb2_3&Prime; _builder_version=\u00a0\u00bb4.16&Prime; custom_padding=\u00a0\u00bb1px|||\u00a0\u00bb global_colors_info=\u00a0\u00bb{}\u00a0\u00bb custom_padding__hover=\u00a0\u00bb|||\u00a0\u00bb][et_pb_cta title=\u00a0\u00bbColl\u00e8ge APRIL-FORTIER\u00a0\u00bb button_url=\u00a0\u00bb@ET-DC@eyJkeW5hbWljIjp0cnVlLCJjb250ZW50IjoicG9zdF9saW5rX3VybF9wYWdlIiwic2V0dGluZ3MiOnsicG9zdF9pZCI6IjQ0NSJ9fQ==@\u00a0\u00bb button_text=\u00a0\u00bb Inscription\u00a0\u00bb _builder_version=\u00a0\u00bb4.27.6&Prime; _dynamic_attributes=\u00a0\u00bbbutton_url\u00a0\u00bb header_level=\u00a0\u00bbh1&Prime; header_font=\u00a0\u00bb|700||on|||||\u00a0\u00bb header_font_size=\u00a0\u00bb46px\u00a0\u00bb header_letter_spacing=\u00a0\u00bb2px\u00a0\u00bb header_line_height=\u00a0\u00bb1.2em\u00a0\u00bb body_font=\u00a0\u00bb|600|||||||\u00a0\u00bb body_font_size=\u00a0\u00bb38px\u00a0\u00bb body_line_height=\u00a0\u00bb1.2em\u00a0\u00bb use_background_color=\u00a0\u00bboff\u00a0\u00bb custom_button=\u00a0\u00bbon\u00a0\u00bb button_text_size=\u00a0\u00bb18px\u00a0\u00bb button_text_color=\u00a0\u00bb#ffffff\u00a0\u00bb button_bg_color=\u00a0\u00bb#f25c05&Prime; button_border_width=\u00a0\u00bb0px\u00a0\u00bb button_border_color=\u00a0\u00bb#fa7f28&Prime; button_border_radius=\u00a0\u00bb5px\u00a0\u00bb button_letter_spacing=\u00a0\u00bb0px\u00a0\u00bb button_font=\u00a0\u00bb|600|||||||\u00a0\u00bb button_use_icon=\u00a0\u00bboff\u00a0\u00bb button_custom_padding=\u00a0\u00bb8px|25px|8px|25px|true|true\u00a0\u00bb text_orientation=\u00a0\u00bbleft\u00a0\u00bb max_width=\u00a0\u00bb750px\u00a0\u00bb module_alignment=\u00a0\u00bbleft\u00a0\u00bb animation_style=\u00a0\u00bbfold\u00a0\u00bb animation_intensity_fold=\u00a0\u00bb16%\u00a0\u00bb hover_enabled=\u00a0\u00bb0&Prime; header_font_size_tablet=\u00a0\u00bb46px\u00a0\u00bb header_font_size_phone=\u00a0\u00bb\u00a0\u00bb header_font_size_last_edited=\u00a0\u00bbon|tablet\u00a0\u00bb button_text_size_tablet=\u00a0\u00bb18px\u00a0\u00bb button_text_size_phone=\u00a0\u00bb18px\u00a0\u00bb button_text_size_last_edited=\u00a0\u00bbon|desktop\u00a0\u00bb header_text_shadow_style=\u00a0\u00bbpreset1&Prime; header_text_shadow_blur_strength=\u00a0\u00bb0.6em\u00a0\u00bb header_text_shadow_color=\u00a0\u00bbrgba(0,0,0,0.6)\u00a0\u00bb box_shadow_style_button=\u00a0\u00bbpreset2&Prime; box_shadow_color_button=\u00a0\u00bbrgba(250,127,40,0.15)\u00a0\u00bb button_letter_spacing_hover=\u00a0\u00bb2px\u00a0\u00bb global_colors_info=\u00a0\u00bb{}\u00a0\u00bb button_text_size__hover_enabled=\u00a0\u00bboff\u00a0\u00bb button_one_text_size__hover_enabled=\u00a0\u00bboff\u00a0\u00bb button_two_text_size__hover_enabled=\u00a0\u00bboff\u00a0\u00bb button_text_color__hover_enabled=\u00a0\u00bboff\u00a0\u00bb button_one_text_color__hover_enabled=\u00a0\u00bboff\u00a0\u00bb button_two_text_color__hover_enabled=\u00a0\u00bboff\u00a0\u00bb button_border_width__hover_enabled=\u00a0\u00bboff\u00a0\u00bb button_one_border_width__hover_enabled=\u00a0\u00bboff\u00a0\u00bb button_two_border_width__hover_enabled=\u00a0\u00bboff\u00a0\u00bb button_border_color__hover_enabled=\u00a0\u00bboff\u00a0\u00bb button_one_border_color__hover_enabled=\u00a0\u00bboff\u00a0\u00bb button_two_border_color__hover_enabled=\u00a0\u00bboff\u00a0\u00bb button_border_radius__hover_enabled=\u00a0\u00bboff\u00a0\u00bb button_one_border_radius__hover_enabled=\u00a0\u00bboff\u00a0\u00bb button_two_border_radius__hover_enabled=\u00a0\u00bboff\u00a0\u00bb button_letter_spacing__hover_enabled=\u00a0\u00bboff|desktop\u00a0\u00bb button_letter_spacing__hover=\u00a0\u00bb2px\u00a0\u00bb button_one_letter_spacing__hover_enabled=\u00a0\u00bboff\u00a0\u00bb button_two_letter_spacing__hover_enabled=\u00a0\u00bboff\u00a0\u00bb button_bg_color__hover_enabled=\u00a0\u00bbon|hover\u00a0\u00bb button_one_bg_color__hover_enabled=\u00a0\u00bboff\u00a0\u00bb button_two_bg_color__hover_enabled=\u00a0\u00bboff\u00a0\u00bb button_bg_color__hover=\u00a0\u00bb#c94904&Prime; button_bg_enable_color__hover=\u00a0\u00bbon\u00a0\u00bb sticky_enabled=\u00a0\u00bb0&Prime;]Photographie (5326)[\/et_pb_cta][\/et_pb_column][et_pb_column type=\u00a0\u00bb1_3&Prime; _builder_version=\u00a0\u00bb4.16&Prime; custom_padding=\u00a0\u00bb|||\u00a0\u00bb global_colors_info=\u00a0\u00bb{}\u00a0\u00bb custom_padding__hover=\u00a0\u00bb|||\u00a0\u00bb][et_pb_text _builder_version=\u00a0\u00bb4.27.6&Prime; text_font=\u00a0\u00bbLato||||||||\u00a0\u00bb text_text_color=\u00a0\u00bb#ffffff\u00a0\u00bb text_font_size=\u00a0\u00bb16px\u00a0\u00bb text_line_height=\u00a0\u00bb2em\u00a0\u00bb link_font=\u00a0\u00bb||||||||\u00a0\u00bb link_text_color=\u00a0\u00bb#ffffff\u00a0\u00bb header_font=\u00a0\u00bb|600|||||||\u00a0\u00bb header_2_font=\u00a0\u00bb||||||||\u00a0\u00bb header_3_font=\u00a0\u00bbLato|600|||||||\u00a0\u00bb header_3_font_size=\u00a0\u00bb24px\u00a0\u00bb header_3_line_height=\u00a0\u00bb1.5em\u00a0\u00bb background_color=\u00a0\u00bbrgba(36,36,76,0.62)\u00a0\u00bb background_layout=\u00a0\u00bbdark\u00a0\u00bb custom_margin=\u00a0\u00bb||||false|false\u00a0\u00bb custom_margin_tablet=\u00a0\u00bb40px|||\u00a0\u00bb custom_margin_last_edited=\u00a0\u00bboff|desktop\u00a0\u00bb custom_padding=\u00a0\u00bb30px|30px|40px|30px\u00a0\u00bb custom_padding_tablet=\u00a0\u00bb\u00a0\u00bb custom_padding_phone=\u00a0\u00bb\u00a0\u00bb custom_padding_last_edited=\u00a0\u00bbon|tablet\u00a0\u00bb animation_style=\u00a0\u00bbfold\u00a0\u00bb animation_delay=\u00a0\u00bb100ms\u00a0\u00bb border_radii=\u00a0\u00bbon|6px|6px|6px|6px\u00a0\u00bb border_color_all=\u00a0\u00bb#f25c05&Prime; border_width_top=\u00a0\u00bb6px\u00a0\u00bb global_module=\u00a0\u00bb574&Prime; locked=\u00a0\u00bboff\u00a0\u00bb global_colors_info=\u00a0\u00bb{}\u00a0\u00bb]<\/p>\n<h3>Contactez-nous !<\/h3>\n<p><strong>T\u00e9l\u00e9phone :<\/strong> (514) 878 &#8211; 1414<br \/><strong>E-mail:<\/strong> <a href=\"mailto:info@april-fortier.com\" target=\"_blank\" rel=\"noopener\">info@april-fortier.com<\/a><\/p>\n<p>[\/et_pb_text][\/et_pb_column][\/et_pb_row][\/et_pb_section][et_pb_section fb_built=\u00a0\u00bb1&Prime; module_id=\u00a0\u00bbpage-anchor-section1&Prime; _builder_version=\u00a0\u00bb4.27.6&Prime; _module_preset=\u00a0\u00bbdefault\u00a0\u00bb custom_margin=\u00a0\u00bb||||false|false\u00a0\u00bb hover_enabled=\u00a0\u00bb0&Prime; global_colors_info=\u00a0\u00bb{}\u00a0\u00bb sticky_enabled=\u00a0\u00bb0&Prime;][et_pb_row column_structure=\u00a0\u00bb2_3,1_3&Prime; _builder_version=\u00a0\u00bb4.27.4&Prime; _module_preset=\u00a0\u00bbdefault\u00a0\u00bb global_colors_info=\u00a0\u00bb{}\u00a0\u00bb][et_pb_column type=\u00a0\u00bb2_3&Prime; _builder_version=\u00a0\u00bb4.27.4&Prime; _module_preset=\u00a0\u00bbdefault\u00a0\u00bb global_colors_info=\u00a0\u00bb{}\u00a0\u00bb][et_pb_text _builder_version=\u00a0\u00bb4.27.6&Prime; _module_preset=\u00a0\u00bbdefault\u00a0\u00bb text_font=\u00a0\u00bb|600|||||||\u00a0\u00bb text_text_color=\u00a0\u00bb#033061&Prime; text_font_size=\u00a0\u00bb18px\u00a0\u00bb header_2_font=\u00a0\u00bb|600|||||||\u00a0\u00bb header_2_text_color=\u00a0\u00bb#033061&Prime; header_2_font_size=\u00a0\u00bb28px\u00a0\u00bb header_3_text_color=\u00a0\u00bb#033061&Prime; header_3_font_size=\u00a0\u00bb21px\u00a0\u00bb header_4_font=\u00a0\u00bb||on||||||\u00a0\u00bb header_4_text_color=\u00a0\u00bb#033061&Prime; header_4_font_size=\u00a0\u00bb16px\u00a0\u00bb header_5_text_color=\u00a0\u00bb#033061&Prime; header_5_font_size=\u00a0\u00bb20px\u00a0\u00bb header_5_line_height=\u00a0\u00bb1.6em\u00a0\u00bb hover_enabled=\u00a0\u00bb0&Prime; header_2_font_size_tablet=\u00a0\u00bb28px\u00a0\u00bb header_2_font_size_phone=\u00a0\u00bb28px\u00a0\u00bb header_2_font_size_last_edited=\u00a0\u00bbon|tablet\u00a0\u00bb global_colors_info=\u00a0\u00bb{}\u00a0\u00bb sticky_enabled=\u00a0\u00bb0&Prime;]<\/p>\n<h2>Photographie (5326)<\/h2>\n<p>[\/et_pb_text][et_pb_text _builder_version=\u00a0\u00bb4.27.6&Prime; _module_preset=\u00a0\u00bbdefault\u00a0\u00bb text_font_size=\u00a0\u00bb15px\u00a0\u00bb header_2_font=\u00a0\u00bb|600|||||||\u00a0\u00bb header_2_text_color=\u00a0\u00bb#033061&Prime; header_2_font_size=\u00a0\u00bb28px\u00a0\u00bb header_2_line_height=\u00a0\u00bb1.7em\u00a0\u00bb header_3_text_color=\u00a0\u00bb#033061&Prime; header_3_font_size=\u00a0\u00bb21px\u00a0\u00bb header_4_font=\u00a0\u00bb|600|||||||\u00a0\u00bb header_4_text_color=\u00a0\u00bb#033061&Prime; header_4_font_size=\u00a0\u00bb20px\u00a0\u00bb header_4_line_height=\u00a0\u00bb1.5em\u00a0\u00bb header_5_text_color=\u00a0\u00bb#033061&Prime; header_5_font_size=\u00a0\u00bb20px\u00a0\u00bb header_5_line_height=\u00a0\u00bb1.6em\u00a0\u00bb hover_enabled=\u00a0\u00bb0&Prime; header_2_font_size_tablet=\u00a0\u00bb28px\u00a0\u00bb header_2_font_size_phone=\u00a0\u00bb28px\u00a0\u00bb header_2_font_size_last_edited=\u00a0\u00bbon|tablet\u00a0\u00bb global_colors_info=\u00a0\u00bb{}\u00a0\u00bb header_3_font=\u00a0\u00bb|600|||||||\u00a0\u00bb sticky_enabled=\u00a0\u00bb0&Prime;]<\/p>\n<h3>Aper\u00e7u du programme<\/h3>\n<p><span>Le programme d\u2019\u00e9tudes professionnelles <strong>Photographie<\/strong> (5326) pr\u00e9pare \u00e0 l\u2019exercice du m\u00e9tier de photographe et aux fonctions connexes d\u2019assistante ou assistant \u00e0 la prise de vue et de technicienne ou technicien en imagerie photographique. Le ou la photographe dipl\u00f4m\u00e9(e) intervient dans divers secteurs tels que le portrait, les \u00e9v\u00e9nements sociaux, la photographie publicitaire et commerciale ainsi que la photographie industrielle.<\/span><\/p>\n<p><span>La formation permet de d\u00e9velopper une solide ma\u00eetrise des techniques de prise de vue, de l\u2019\u00e9clairage, du traitement num\u00e9rique des images, de la gestion des couleurs et de la diffusion des productions photographiques. Elle pr\u00e9pare \u00e9galement \u00e0 la gestion et \u00e0 la promotion d\u2019une carri\u00e8re professionnelle, que ce soit comme travailleur autonome ou salari\u00e9.<\/span><\/p>\n<p><span><\/span><\/p>\n<h3>Objectifs de la formation<\/h3>\n<p><span>Le programme d&rsquo;\u00e9tudes professionnelles Photographie vise \u00e0 former des photographes polyvalents dont les activit\u00e9s portent sur la photo commerciale et industrielle, les \u00e9v\u00e9nements sociaux et le portrait. La majorit\u00e9 de ces personnes se tourneront vers le travail autonome, mais certaines seront salari\u00e9es ou propri\u00e9taires d&rsquo;entreprises.<\/span><\/p>\n<p>Le programme d&rsquo;\u00e9tudes vise \u00e9galement l&rsquo;exercice de deux autres fonctions de travail, soit celles d&rsquo;aide-photographe et de technicienne et technicien en imagerie num\u00e9rique. Ces sp\u00e9cialistes appuient le photographe dans la pratique de son m\u00e9tier. Dans l&rsquo;exercice de leurs fonctions, ces professionnelles et professionnels utilisent du mat\u00e9riel de prise de vue num\u00e9rique et des outils informatiques de traitement d&rsquo;images, d&rsquo;impression et de diffusion.<\/p>\n<h3>Contenu de la formation<\/h3>\n<p><span>Le programme comprend 24 comp\u00e9tences requises pour exercer la profession de conseiller en voyages :<\/span><\/p>\n<ul>\n<li><span>Se situer au regard du m\u00e9tier et de la d\u00e9marche de formation<\/span><\/li>\n<li>Utiliser des logiciels d&rsquo;application g\u00e9n\u00e9rale et de gestion de documents en photographie<\/li>\n<li>Effectuer des prises de vue hors studio<\/li>\n<li>Planifier l&rsquo;\u00e9clairage pour diff\u00e9rentes prises de vue<\/li>\n<li>Effectuer des prises de vue en studio<\/li>\n<li>Composer des images<\/li>\n<li>Traiter des fichiers photographiques \u00e0 l&rsquo;\u00e9tat brut<\/li>\n<li>Effectuer la gestion des couleurs en photographie<\/li>\n<li>Corriger des photographies<\/li>\n<li>Diffuser des photographies<\/li>\n<li>\u00c9tablir des relations professionnelles en photographie<\/li>\n<li>Vendre ses services et ses produits<\/li>\n<li>R\u00e9aliser des photographies d&rsquo;\u00e9v\u00e9nements sociaux<\/li>\n<li>Rehausser des photographies<\/li>\n<li>Fournir une assistance technique pour le traitement d&rsquo;images<\/li>\n<li>R\u00e9aliser des portraits<\/li>\n<li>R\u00e9aliser des photographies \u00e0 caract\u00e8re sp\u00e9cialis\u00e9<\/li>\n<li>Amorcer la pratique de la fonction de technicienne ou technicien en imagerie photographique<\/li>\n<li>Fournir une assistance technique pour des prises de vue<\/li>\n<li>R\u00e9aliser des photographies publicitaires et commerciales<\/li>\n<li>R\u00e9aliser des photographies industrielles<\/li>\n<li>Concevoir et r\u00e9aliser un projet photographique personnel<\/li>\n<li>G\u00e9rer et promouvoir sa carri\u00e8re<\/li>\n<li>S&rsquo;int\u00e9grer au march\u00e9 du travail \u00e0 titre de photographe<\/li>\n<\/ul>\n<p>&nbsp;<\/p>\n<h3>Dur\u00e9e et horaire<\/h3>\n<p><span>La dur\u00e9e totale du programme est de <strong>1 800 heures<\/strong>, r\u00e9parties \u00e0 temps plein selon le calendrier \u00e9tabli par le Coll\u00e8ge April-Fortier. La formation est offerte en pr\u00e9sentiel et peut inclure certaines activit\u00e9s p\u00e9dagogiques en ligne selon l\u2019organisation acad\u00e9mique.<\/span><\/p>\n<p><span>\u00a0<\/span><\/p>\n<h3>Conditions d\u2019admission<\/h3>\n<p><span>CONDITIONS D\u2019ADMISSION ET PR\u00c9ALABLES<\/span><\/p>\n<p><span>Pour \u00eatre admis \u00e0 ce programme, il suffit de satisfaire \u00e0 l\u2019une des conditions suivantes :<\/span><\/p>\n<ul>\n<li>La personne est titulaire du dipl\u00f4me d\u2019\u00e9tudes secondaires ou de son \u00e9quivalent reconnu (ex. : attestation d\u2019\u00e9quivalence de niveau de scolarit\u00e9) ou d\u2019un dipl\u00f4me d\u2019\u00e9tudes sup\u00e9rieures, comme le dipl\u00f4me d\u2019\u00e9tudes coll\u00e9giales ou le baccalaur\u00e9at.<br \/>OU<\/li>\n<li>La personne est \u00e2g\u00e9e d\u2019au moins 16 ans au 30 septembre de l\u2019ann\u00e9e scolaire au cours de laquelle elle commence sa formation et a obtenu les unit\u00e9s de 4e secondaire en langue d\u2019enseignement, en langue seconde et en math\u00e9matique dans des programmes d\u2019\u00e9tudes \u00e9tablis par le ministre ou a r\u00e9alis\u00e9 des apprentissages reconnus comme \u00e9tant \u00e9quivalents.<br \/>OU<\/li>\n<li>La personne est \u00e2g\u00e9e d\u2019au moins 18 ans au moment d\u2019entreprendre sa formation et poss\u00e8de les pr\u00e9alables fonctionnels, soit la r\u00e9ussite du test de d\u00e9veloppement g\u00e9n\u00e9ral ainsi que les pr\u00e9alables sp\u00e9cifiques (voir le tableau ci-apr\u00e8s), ou a r\u00e9alis\u00e9 des apprentissages reconnus comme \u00e9tant \u00e9quivalents.<br \/>OU<\/li>\n<li>La personne a obtenu les unit\u00e9s de 3e secondaire en langue d\u2019enseignement, en langue seconde et en math\u00e9matique dans des programmes d\u2019\u00e9tudes \u00e9tablis par le ministre et poursuivra sa formation g\u00e9n\u00e9rale en concomitance avec sa formation professionnelle pour obtenir les unit\u00e9s de 4e secondaire qui lui manquent en langue d\u2019enseignement, en langue seconde et en math\u00e9matique dans des programmes d\u2019\u00e9tudes \u00e9tablis par le ministre.<\/li>\n<\/ul>\n<p><span>\u00a0<\/span><\/p>\n<p><span>PR\u00c9ALABLES FONCTIONNELS<\/span><\/p>\n<p><span>Une personne qui a atteint l\u2019\u00e2ge de 18 ans peut \u00eatre admise \u00e0 un programme d\u2019\u00e9tudes menant \u00e0 un Dipl\u00f4me d\u2019\u00e9tudes professionnelles (DEP) sur la base des pr\u00e9alables fonctionnels. Ces pr\u00e9alables fonctionnels, prescrits pour une personne qui a atteint l\u2019\u00e2ge de 18 ans \u00e0 la date de d\u00e9but de fr\u00e9quentation d\u00e9clar\u00e9e dans le programme d\u2019\u00e9tudes professionnelle sont\u00a0: la r\u00e9ussite du test de d\u00e9veloppement g\u00e9n\u00e9ral (TDG) et l\u2019obtention et la r\u00e9ussite des \u00e9preuves relatives aux pr\u00e9alables sp\u00e9cifiques en langue d\u2019enseignement et en math\u00e9matique, s\u2019il y a lieu.<\/span><\/p>\n<p><span><\/span><\/p>\n<h3>Cheminement p\u00e9dagogique<\/h3>\n<p><span>Le cheminement p\u00e9dagogique du programme Photographie (5326) est structur\u00e9 de mani\u00e8re progressive afin d\u2019assurer l\u2019acquisition graduelle des comp\u00e9tences techniques, artistiques et professionnelles requises pour l\u2019exercice du m\u00e9tier. La formation d\u00e9bute par l\u2019int\u00e9gration aux r\u00e9alit\u00e9s du secteur, la compr\u00e9hension du r\u00f4le du photographe et la ma\u00eetrise des notions fondamentales li\u00e9es \u00e0 l\u2019\u00e9quipement, \u00e0 la composition et \u00e0 l\u2019exposition. Elle se poursuit par l\u2019apprentissage approfondi des techniques de prise de vue en studio et en environnement ext\u00e9rieur, incluant la gestion de l\u2019\u00e9clairage naturel et artificiel, la direction de sujets et la planification de s\u00e9ances photographiques.<\/span><\/p>\n<p><span>Par la suite, l\u2019accent est mis sur le traitement num\u00e9rique des images, la gestion des couleurs, la retouche professionnelle et la diffusion des productions photographiques sur diff\u00e9rents supports. Les personnes \u00e9tudiantes d\u00e9veloppent \u00e9galement des comp\u00e9tences en gestion de projet, en relation client et en mise en march\u00e9 de leurs services. Le programme culmine par la r\u00e9alisation de projets int\u00e9grateurs permettant de d\u00e9montrer la ma\u00eetrise des comp\u00e9tences acquises et de favoriser l\u2019int\u00e9gration au march\u00e9 du travail. Les apprentissages combinent th\u00e9orie, laboratoires pratiques, mises en situation r\u00e9elles et production de portfolios professionnels.<\/span><\/p>\n<p><span><\/span><\/p>\n<h3>Perspectives d\u2019emploi<\/h3>\n<p><span>Les dipl\u00f4m\u00e9(e)s peuvent exercer \u00e0 titre de photographe professionnel, assistant(e) \u00e0 la prise de vue, technicien(ne) en imagerie photographique ou travailleur autonome. Les opportunit\u00e9s se trouvent dans les studios, agences de communication, entreprises commerciales et industrielles, laboratoires num\u00e9riques, institutions publiques ou dans le cadre d\u2019une pratique ind\u00e9pendante.<\/span><\/p>\n<p><span><\/span><\/p>\n<h3>Lieu de la formation<\/h3>\n<p><span>Les cours sont offerts en ligne (certaines composantes) et en pr\u00e9sentiel au campus du Coll\u00e8ge April-Fortier, situ\u00e9 au centre-ville de Montr\u00e9al, \u00e0 proximit\u00e9 du m\u00e9tro Sherbrooke.<\/span><\/p>\n<p><span><\/span><\/p>\n<h3>Dipl\u00f4me<\/h3>\n<p>\u00c0 l\u2019issue de la formation, les personnes ayant compl\u00e9t\u00e9 le programme et satisfait aux exigences recevront un <strong>Dipl\u00f4me d\u2019\u00e9tudes professionnelles (DEP)<\/strong>.<\/p>\n<p>[\/et_pb_text][\/et_pb_column][et_pb_column type=\u00a0\u00bb1_3&Prime; _builder_version=\u00a0\u00bb4.27.4&Prime; _module_preset=\u00a0\u00bbdefault\u00a0\u00bb global_colors_info=\u00a0\u00bb{}\u00a0\u00bb][\/et_pb_column][\/et_pb_row][\/et_pb_section][et_pb_section fb_built=\u00a0\u00bb1&Prime; _builder_version=\u00a0\u00bb4.27.6&Prime; _module_preset=\u00a0\u00bbdefault\u00a0\u00bb use_background_color_gradient=\u00a0\u00bbon\u00a0\u00bb background_color_gradient_stops=\u00a0\u00bbrgba(0,0,0,0.7) 0%|rgba(0,0,0,0.7) 100%\u00a0\u00bb background_color_gradient_overlays_image=\u00a0\u00bbon\u00a0\u00bb background_image=\u00a0\u00bbhttps:\/\/www.aprilfortier.ca\/wp-content\/uploads\/2026\/02\/graduates-with-diplomas-SW.jpg\u00a0\u00bb background_position=\u00a0\u00bbbottom_center\u00a0\u00bb custom_padding=\u00a0\u00bb150px||150px||true|false\u00a0\u00bb global_module=\u00a0\u00bb299&Prime; saved_tabs=\u00a0\u00bball\u00a0\u00bb global_colors_info=\u00a0\u00bb{}\u00a0\u00bb][et_pb_row _builder_version=\u00a0\u00bb4.27.6&Prime; _module_preset=\u00a0\u00bbdefault\u00a0\u00bb global_colors_info=\u00a0\u00bb{}\u00a0\u00bb][et_pb_column type=\u00a0\u00bb4_4&Prime; _builder_version=\u00a0\u00bb4.27.6&Prime; _module_preset=\u00a0\u00bbdefault\u00a0\u00bb global_colors_info=\u00a0\u00bb{}\u00a0\u00bb][et_pb_text _builder_version=\u00a0\u00bb4.27.6&Prime; _module_preset=\u00a0\u00bbdefault\u00a0\u00bb header_font=\u00a0\u00bb|700|||||||\u00a0\u00bb header_text_align=\u00a0\u00bbcenter\u00a0\u00bb header_text_color=\u00a0\u00bb#FFFFFF\u00a0\u00bb header_2_font=\u00a0\u00bb||||||||\u00a0\u00bb header_2_text_align=\u00a0\u00bbcenter\u00a0\u00bb header_2_text_color=\u00a0\u00bb#FFFFFF\u00a0\u00bb custom_margin=\u00a0\u00bb||50px||false|false\u00a0\u00bb header_font_size_tablet=\u00a0\u00bb\u00a0\u00bb header_font_size_phone=\u00a0\u00bb28px\u00a0\u00bb header_font_size_last_edited=\u00a0\u00bbon|phone\u00a0\u00bb header_2_font_size_tablet=\u00a0\u00bb\u00a0\u00bb header_2_font_size_phone=\u00a0\u00bb20px\u00a0\u00bb header_2_font_size_last_edited=\u00a0\u00bbon|phone\u00a0\u00bb global_colors_info=\u00a0\u00bb{}\u00a0\u00bb]<\/p>\n<h1>Postulez d\u00e8s aujourd\u2019hui<\/h1>\n<h2>et faites le premier pas vers votre r\u00e9ussite !<\/h2>\n<p>[\/et_pb_text][et_pb_text _builder_version=\u00a0\u00bb4.27.6&Prime; _module_preset=\u00a0\u00bbdefault\u00a0\u00bb text_font_size=\u00a0\u00bb18px\u00a0\u00bb text_orientation=\u00a0\u00bbcenter\u00a0\u00bb background_layout=\u00a0\u00bbdark\u00a0\u00bb custom_padding=\u00a0\u00bb||25px||false|false\u00a0\u00bb text_font_size_tablet=\u00a0\u00bb16px\u00a0\u00bb text_font_size_phone=\u00a0\u00bb14px\u00a0\u00bb text_font_size_last_edited=\u00a0\u00bbon|desktop\u00a0\u00bb global_colors_info=\u00a0\u00bb{}\u00a0\u00bb]<\/p>\n<p>Nos \u00e9tudiantes et \u00e9tudiants \u00e9voluent dans un environnement d\u2019apprentissage stimulant et innovant, soutenus par une \u00e9quipe p\u00e9dagogique issue du milieu professionnel. Chaque cours, chaque atelier et chaque projet est pens\u00e9 pour favoriser la r\u00e9ussite scolaire et professionnelle, que ce soit en pr\u00e9sentiel \u00e0 Montr\u00e9al ou par l\u2019entremise de nos formations en ligne accessibles partout dans le monde.<\/p>\n<p>Gr\u00e2ce \u00e0 nos partenariats strat\u00e9giques avec des entreprises de renom dans le domaine du voyage, de l\u2019aviation, de l\u2019h\u00f4tellerie et de la gestion d\u2019\u00e9v\u00e9nements, nos dipl\u00f4m\u00e9es et dipl\u00f4m\u00e9s sont reconnus pour leur excellence, leur cr\u00e9ativit\u00e9 et leur professionnalisme. Ils se d\u00e9marquent au Qu\u00e9bec comme \u00e0 l\u2019international, b\u00e2tissant des carri\u00e8res durables et enrichissantes.<\/p>\n<p>[\/et_pb_text][et_pb_button button_url=\u00a0\u00bb@ET-DC@eyJkeW5hbWljIjp0cnVlLCJjb250ZW50IjoicG9zdF9saW5rX3VybF9wYWdlIiwic2V0dGluZ3MiOnsicG9zdF9pZCI6IjQ0NSJ9fQ==@\u00a0\u00bb button_text=\u00a0\u00bbInscription\u00a0\u00bb button_alignment=\u00a0\u00bbcenter\u00a0\u00bb _builder_version=\u00a0\u00bb4.27.6&Prime; _dynamic_attributes=\u00a0\u00bbbutton_url\u00a0\u00bb _module_preset=\u00a0\u00bbdefault\u00a0\u00bb custom_button=\u00a0\u00bbon\u00a0\u00bb button_text_size=\u00a0\u00bb18px\u00a0\u00bb button_text_color=\u00a0\u00bb#FFFFFF\u00a0\u00bb button_bg_color=\u00a0\u00bb#f25c05&Prime; button_border_width=\u00a0\u00bb0px\u00a0\u00bb button_use_icon=\u00a0\u00bboff\u00a0\u00bb background_layout=\u00a0\u00bbdark\u00a0\u00bb custom_padding=\u00a0\u00bb6px|25px|6px|25px|true|true\u00a0\u00bb button_text_size_tablet=\u00a0\u00bb18px\u00a0\u00bb button_text_size_phone=\u00a0\u00bb18px\u00a0\u00bb button_text_size_last_edited=\u00a0\u00bbon|desktop\u00a0\u00bb global_colors_info=\u00a0\u00bb{}\u00a0\u00bb button_bg_color__hover_enabled=\u00a0\u00bbon|desktop\u00a0\u00bb button_bg_color__hover=\u00a0\u00bb#c94904&Prime; button_bg_enable_color__hover=\u00a0\u00bbon\u00a0\u00bb][\/et_pb_button][\/et_pb_column][\/et_pb_row][\/et_pb_section][et_pb_section fb_built=\u00a0\u00bb1&Prime; _builder_version=\u00a0\u00bb4.27.6&Prime; _module_preset=\u00a0\u00bbdefault\u00a0\u00bb background_enable_color=\u00a0\u00bboff\u00a0\u00bb use_background_color_gradient=\u00a0\u00bbon\u00a0\u00bb background_color_gradient_stops=\u00a0\u00bbrgba(3,48,97,0.85) 0%|rgba(30,56,122,0.9) 100%\u00a0\u00bb background_color_gradient_overlays_image=\u00a0\u00bbon\u00a0\u00bb background_image=\u00a0\u00bbhttps:\/\/www.aprilfortier.ca\/wp-content\/uploads\/2026\/02\/graduates-with-diplomas-SW.jpg\u00a0\u00bb custom_margin=\u00a0\u00bb15px||||false|false\u00a0\u00bb custom_padding=\u00a0\u00bb2px||0px||false|false\u00a0\u00bb global_module=\u00a0\u00bb291&Prime; saved_tabs=\u00a0\u00bball\u00a0\u00bb global_colors_info=\u00a0\u00bb{}\u00a0\u00bb][et_pb_row column_structure=\u00a0\u00bb1_2,1_2&Prime; use_custom_gutter=\u00a0\u00bbon\u00a0\u00bb gutter_width=\u00a0\u00bb1&Prime; _builder_version=\u00a0\u00bb4.27.6&Prime; _module_preset=\u00a0\u00bbdefault\u00a0\u00bb background_color=\u00a0\u00bbrgba(255,255,255,0.85)\u00a0\u00bb width=\u00a0\u00bb100%\u00a0\u00bb max_width=\u00a0\u00bb100%\u00a0\u00bb custom_margin=\u00a0\u00bb0px||||false|false\u00a0\u00bb custom_padding=\u00a0\u00bb12px||12px||true|false\u00a0\u00bb global_colors_info=\u00a0\u00bb{}\u00a0\u00bb][et_pb_column type=\u00a0\u00bb1_2&Prime; _builder_version=\u00a0\u00bb4.27.4&Prime; _module_preset=\u00a0\u00bbdefault\u00a0\u00bb global_colors_info=\u00a0\u00bb{}\u00a0\u00bb][et_pb_text _builder_version=\u00a0\u00bb4.27.6&Prime; _module_preset=\u00a0\u00bbdefault\u00a0\u00bb text_font=\u00a0\u00bb|600|||||||\u00a0\u00bb text_text_color=\u00a0\u00bb#105491&Prime; text_line_height=\u00a0\u00bb1em\u00a0\u00bb text_orientation=\u00a0\u00bbcenter\u00a0\u00bb custom_margin=\u00a0\u00bb0px||0px||false|false\u00a0\u00bb custom_padding=\u00a0\u00bb0px||0px|35px|false|false\u00a0\u00bb global_colors_info=\u00a0\u00bb{}\u00a0\u00bb]Minist\u00e8re de l\u2019Enseignement sup\u00e9rieur, permit #749720[\/et_pb_text][\/et_pb_column][et_pb_column type=\u00a0\u00bb1_2&Prime; _builder_version=\u00a0\u00bb4.27.4&Prime; _module_preset=\u00a0\u00bbdefault\u00a0\u00bb global_colors_info=\u00a0\u00bb{}\u00a0\u00bb][et_pb_text _builder_version=\u00a0\u00bb4.27.6&Prime; _module_preset=\u00a0\u00bbdefault\u00a0\u00bb text_font=\u00a0\u00bb|600|||||||\u00a0\u00bb text_text_color=\u00a0\u00bb#105491&Prime; text_line_height=\u00a0\u00bb1em\u00a0\u00bb text_orientation=\u00a0\u00bbcenter\u00a0\u00bb custom_margin=\u00a0\u00bb0px||0px||false|false\u00a0\u00bb custom_padding=\u00a0\u00bb0px|35px|0px||false|false\u00a0\u00bb global_colors_info=\u00a0\u00bb{}\u00a0\u00bb]<\/p>\n<p><span lang=\"en-CA\">Minist\u00e8re de l\u2019\u00c9ducation, permit #668500<\/span><\/p>\n<p>[\/et_pb_text][\/et_pb_column][\/et_pb_row][et_pb_row column_structure=\u00a0\u00bb1_4,1_4,1_4,1_4&Prime; _builder_version=\u00a0\u00bb4.27.4&Prime; _module_preset=\u00a0\u00bbdefault\u00a0\u00bb global_colors_info=\u00a0\u00bb{}\u00a0\u00bb][et_pb_column type=\u00a0\u00bb1_4&Prime; _builder_version=\u00a0\u00bb4.20.2&Prime; _module_preset=\u00a0\u00bbdefault\u00a0\u00bb global_colors_info=\u00a0\u00bb{}\u00a0\u00bb][et_pb_image src=\u00a0\u00bbhttps:\/\/www.aprilfortier.ca\/wp-content\/uploads\/2026\/02\/Aprilfortier-logo-White-FR.png\u00a0\u00bb title_text=\u00a0\u00bbCollege April-Fortier\u00a0\u00bb _builder_version=\u00a0\u00bb4.27.6&Prime; _module_preset=\u00a0\u00bbdefault\u00a0\u00bb custom_margin=\u00a0\u00bb90px||||false|false\u00a0\u00bb global_colors_info=\u00a0\u00bb{}\u00a0\u00bb][\/et_pb_image][\/et_pb_column][et_pb_column type=\u00a0\u00bb1_4&Prime; _builder_version=\u00a0\u00bb4.20.2&Prime; _module_preset=\u00a0\u00bbdefault\u00a0\u00bb global_colors_info=\u00a0\u00bb{}\u00a0\u00bb][et_pb_text _builder_version=\u00a0\u00bb4.27.6&Prime; _module_preset=\u00a0\u00bbdefault\u00a0\u00bb background_layout=\u00a0\u00bbdark\u00a0\u00bb custom_margin=\u00a0\u00bb0px||0px||false|false\u00a0\u00bb custom_padding=\u00a0\u00bb0px||0px||false|false\u00a0\u00bb global_colors_info=\u00a0\u00bb{}\u00a0\u00bb]<\/p>\n<h2 class=\"text-center text-uppercase\">\u00c0 PROPOS DE NOUS<\/h2>\n<p>[\/et_pb_text][et_pb_divider color=\u00a0\u00bb#FFFFFF\u00a0\u00bb divider_position=\u00a0\u00bbcenter\u00a0\u00bb divider_weight=\u00a0\u00bb2px\u00a0\u00bb _builder_version=\u00a0\u00bb4.20.2&Prime; _module_preset=\u00a0\u00bbdefault\u00a0\u00bb custom_margin=\u00a0\u00bb0px||0px||false|false\u00a0\u00bb custom_padding=\u00a0\u00bb0px||0px||false|false\u00a0\u00bb global_colors_info=\u00a0\u00bb{}\u00a0\u00bb][\/et_pb_divider][et_pb_text _builder_version=\u00a0\u00bb4.27.6&Prime; _module_preset=\u00a0\u00bbdefault\u00a0\u00bb background_layout=\u00a0\u00bbdark\u00a0\u00bb global_colors_info=\u00a0\u00bb{}\u00a0\u00bb]Reconnue officiellement par le minist\u00e8re de l\u2019\u00c9ducation et le minist\u00e8re de l\u2019Enseignement sup\u00e9rieur, notre \u00e9tablissement d\u2019enseignement priv\u00e9 s\u2019impose comme une r\u00e9f\u00e9rence incontournable en mati\u00e8re de formation en tourisme, gestion d\u2019\u00e9v\u00e9nements touristiques \u00e9coresponsables et photographie professionnelle.[\/et_pb_text][\/et_pb_column][et_pb_column type=\u00a0\u00bb1_4&Prime; _builder_version=\u00a0\u00bb4.20.2&Prime; _module_preset=\u00a0\u00bbdefault\u00a0\u00bb global_colors_info=\u00a0\u00bb{}\u00a0\u00bb][et_pb_text _builder_version=\u00a0\u00bb4.27.6&Prime; _module_preset=\u00a0\u00bbdefault\u00a0\u00bb background_layout=\u00a0\u00bbdark\u00a0\u00bb custom_margin=\u00a0\u00bb0px||0px||false|false\u00a0\u00bb custom_padding=\u00a0\u00bb0px||0px||false|false\u00a0\u00bb global_colors_info=\u00a0\u00bb{}\u00a0\u00bb]<\/p>\n<h2 class=\"text-center text-uppercase\">LIENS RAPIDES<\/h2>\n<p>[\/et_pb_text][et_pb_divider color=\u00a0\u00bb#FFFFFF\u00a0\u00bb divider_position=\u00a0\u00bbcenter\u00a0\u00bb divider_weight=\u00a0\u00bb2px\u00a0\u00bb _builder_version=\u00a0\u00bb4.20.2&Prime; _module_preset=\u00a0\u00bbdefault\u00a0\u00bb custom_margin=\u00a0\u00bb0px||0px||false|false\u00a0\u00bb custom_padding=\u00a0\u00bb0px||0px||false|false\u00a0\u00bb global_colors_info=\u00a0\u00bb{}\u00a0\u00bb][\/et_pb_divider][et_pb_text _builder_version=\u00a0\u00bb4.27.6&Prime; _module_preset=\u00a0\u00bbdefault\u00a0\u00bb text_line_height=\u00a0\u00bb1.4em\u00a0\u00bb background_layout=\u00a0\u00bbdark\u00a0\u00bb global_colors_info=\u00a0\u00bb{}\u00a0\u00bb]<span style=\"color: #ffffff;\"><a href=\"https:\/\/login.microsoftonline.com\" target=\"_blank\" rel=\"noopener\" style=\"color: #ffffff;\">Office 365<\/a><\/span><\/p>\n<p><a href=\"https:\/\/www.april-fortier.com\/en\/bank\/\"><span style=\"color: #ffffff;\">Information bancaire du Coll\u00e8ge<\/span><\/a><\/p>\n<p><a href=\"https:\/\/www.april-fortier.com\/en\/college-regulations\/\"><span style=\"color: #ffffff;\">La r\u00e9glementation du Coll\u00e8ge<\/span><\/a><\/p>\n<p><span style=\"color: #ffffff;\"><a href=\"https:\/\/www.april-fortier.com\/en\/document\/brochure\/crqc_brochure_english.pdf\" target=\"_blank\" rel=\"noopener\" style=\"color: #ffffff;\">Brochure des programmes<\/a><\/span><\/p>\n<p><span style=\"color: #ffffff;\"><a href=\"https:\/\/www.april-fortier.com\/en\/careers\/\" style=\"color: #ffffff;\">Carri\u00e8res<\/a><\/span><\/p>\n<p><span style=\"color: #ffffff;\"><a href=\"https:\/\/www.april-fortier.com\/en\/contact-us\/\" style=\"color: #ffffff;\">Contactez-nous<\/a><\/span>[\/et_pb_text][\/et_pb_column][et_pb_column type=\u00a0\u00bb1_4&Prime; _builder_version=\u00a0\u00bb4.20.2&Prime; _module_preset=\u00a0\u00bbdefault\u00a0\u00bb global_colors_info=\u00a0\u00bb{}\u00a0\u00bb][et_pb_text _builder_version=\u00a0\u00bb4.27.6&Prime; _module_preset=\u00a0\u00bbdefault\u00a0\u00bb background_layout=\u00a0\u00bbdark\u00a0\u00bb custom_margin=\u00a0\u00bb0px||0px||false|false\u00a0\u00bb custom_padding=\u00a0\u00bb0px||0px||false|false\u00a0\u00bb global_colors_info=\u00a0\u00bb{}\u00a0\u00bb]<\/p>\n<h2 class=\"text-center text-uppercase\">NOS PROGRAMMES<\/h2>\n<p>[\/et_pb_text][et_pb_divider color=\u00a0\u00bb#FFFFFF\u00a0\u00bb divider_position=\u00a0\u00bbcenter\u00a0\u00bb divider_weight=\u00a0\u00bb2px\u00a0\u00bb _builder_version=\u00a0\u00bb4.20.2&Prime; _module_preset=\u00a0\u00bbdefault\u00a0\u00bb custom_margin=\u00a0\u00bb0px||0px||false|false\u00a0\u00bb custom_padding=\u00a0\u00bb0px||0px||false|false\u00a0\u00bb global_colors_info=\u00a0\u00bb{}\u00a0\u00bb][\/et_pb_divider][et_pb_text _builder_version=\u00a0\u00bb4.27.6&Prime; _module_preset=\u00a0\u00bbdefault\u00a0\u00bb text_line_height=\u00a0\u00bb1.5em\u00a0\u00bb background_layout=\u00a0\u00bbdark\u00a0\u00bb global_colors_info=\u00a0\u00bb{}\u00a0\u00bb]<span style=\"color: #ffffff;\"><a href=\"https:\/\/www.aprilfortier.ca\/fr\/programmes\/aec\/\" style=\"color: #ffffff;\">Attestations d&rsquo;\u00e9tudes coll\u00e9giales (AEC)<\/a><\/span><\/p>\n<p><span style=\"color: #ffffff;\"><a href=\"https:\/\/www.aprilfortier.ca\/fr\/programmes\/dcs\/\" style=\"color: #ffffff;\">Dipl\u00f4me d&rsquo;\u00e9tudes professionnelles (DEP)<\/a><\/span><\/p>\n<p><span style=\"color: #ffffff;\"><a href=\"https:\/\/www.aprilfortier.ca\/en\/diploma-of-vocational-studies-dvs\/\" style=\"color: #ffffff;\">Dipl\u00f4me d&rsquo;\u00e9tudes coll\u00e9giales (DEC)<\/a><\/span><\/p>\n<p><span style=\"color: #ffffff;\"><a href=\"https:\/\/www.aprilfortier.ca\/en\/continuing-education\/\" style=\"color: #ffffff;\">Formations continues<\/a><\/span>[\/et_pb_text][\/et_pb_column][\/et_pb_row][et_pb_row column_structure=\u00a0\u00bb1_2,1_2&Prime; _builder_version=\u00a0\u00bb4.27.4&Prime; _module_preset=\u00a0\u00bbdefault\u00a0\u00bb custom_margin=\u00a0\u00bb||||false|false\u00a0\u00bb custom_padding=\u00a0\u00bb||||false|false\u00a0\u00bb global_colors_info=\u00a0\u00bb{}\u00a0\u00bb][et_pb_column type=\u00a0\u00bb1_2&Prime; _builder_version=\u00a0\u00bb4.20.2&Prime; _module_preset=\u00a0\u00bbdefault\u00a0\u00bb global_colors_info=\u00a0\u00bb{}\u00a0\u00bb][et_pb_text _builder_version=\u00a0\u00bb4.27.6&Prime; _dynamic_attributes=\u00a0\u00bbcontent\u00a0\u00bb _module_preset=\u00a0\u00bbdefault\u00a0\u00bb text_text_color=\u00a0\u00bb#FFFFFF\u00a0\u00bb custom_margin=\u00a0\u00bb5px||||false|false\u00a0\u00bb global_colors_info=\u00a0\u00bb{}\u00a0\u00bb]@ET-DC@eyJkeW5hbWljIjp0cnVlLCJjb250ZW50IjoiY3VycmVudF9kYXRlIiwic2V0dGluZ3MiOnsiYmVmb3JlIjoiRHJvaXRzIGQnYXV0ZXVyICZjb3B5OyAiLCJhZnRlciI6IiBDb2xsXHUwMGU4Z2UgQXByaWwtRm9ydGllciB8IFRvdXMgZHJvaXRzIHJcdTAwZTlzZXJ2XHUwMGU5cy4iLCJkYXRlX2Zvcm1hdCI6ImN1c3RvbSIsImN1c3RvbV9kYXRlX2Zvcm1hdCI6IlkifX0=@[\/et_pb_text][\/et_pb_column][et_pb_column type=\u00a0\u00bb1_2&Prime; _builder_version=\u00a0\u00bb4.20.2&Prime; _module_preset=\u00a0\u00bbdefault\u00a0\u00bb global_colors_info=\u00a0\u00bb{}\u00a0\u00bb][et_pb_social_media_follow _builder_version=\u00a0\u00bb4.27.6&Prime; _module_preset=\u00a0\u00bbdefault\u00a0\u00bb text_orientation=\u00a0\u00bbright\u00a0\u00bb custom_margin=\u00a0\u00bb0px||||false|false\u00a0\u00bb custom_padding=\u00a0\u00bb0px||||false|false\u00a0\u00bb global_colors_info=\u00a0\u00bb{}\u00a0\u00bb][et_pb_social_media_follow_network social_network=\u00a0\u00bbfacebook\u00a0\u00bb url=\u00a0\u00bbhttps:\/\/www.facebook.com\/CollegeAprilFortierOfficiel\/\u00a0\u00bb _builder_version=\u00a0\u00bb4.27.6&Prime; _module_preset=\u00a0\u00bbdefault\u00a0\u00bb background_color=\u00a0\u00bb#3b5998&Prime; global_colors_info=\u00a0\u00bb{}\u00a0\u00bb follow_button=\u00a0\u00bboff\u00a0\u00bb url_new_window=\u00a0\u00bbon\u00a0\u00bb]facebook[\/et_pb_social_media_follow_network][et_pb_social_media_follow_network social_network=\u00a0\u00bbinstagram\u00a0\u00bb url=\u00a0\u00bbhttps:\/\/www.instagram.com\/collegeaprilfortierofficiel\/\u00a0\u00bb _builder_version=\u00a0\u00bb4.27.6&Prime; _module_preset=\u00a0\u00bbdefault\u00a0\u00bb background_color=\u00a0\u00bb#ea2c59&Prime; global_colors_info=\u00a0\u00bb{}\u00a0\u00bb follow_button=\u00a0\u00bboff\u00a0\u00bb url_new_window=\u00a0\u00bbon\u00a0\u00bb]instagram[\/et_pb_social_media_follow_network][et_pb_social_media_follow_network social_network=\u00a0\u00bblinkedin\u00a0\u00bb url=\u00a0\u00bbhttps:\/\/www.linkedin.com\/company\/college-april-fortier\u00a0\u00bb _builder_version=\u00a0\u00bb4.27.6&Prime; _module_preset=\u00a0\u00bbdefault\u00a0\u00bb background_color=\u00a0\u00bb#007bb6&Prime; global_colors_info=\u00a0\u00bb{}\u00a0\u00bb follow_button=\u00a0\u00bboff\u00a0\u00bb url_new_window=\u00a0\u00bbon\u00a0\u00bb]linkedin[\/et_pb_social_media_follow_network][et_pb_social_media_follow_network social_network=\u00a0\u00bbyoutube\u00a0\u00bb url=\u00a0\u00bbhttps:\/\/www.youtube.com\/user\/CollegeAprilFortier\u00a0\u00bb _builder_version=\u00a0\u00bb4.27.6&Prime; _module_preset=\u00a0\u00bbdefault\u00a0\u00bb background_color=\u00a0\u00bb#e20000&Prime; background_enable_color=\u00a0\u00bbon\u00a0\u00bb global_colors_info=\u00a0\u00bb{}\u00a0\u00bb follow_button=\u00a0\u00bboff\u00a0\u00bb url_new_window=\u00a0\u00bbon\u00a0\u00bb]youtube[\/et_pb_social_media_follow_network][\/et_pb_social_media_follow][\/et_pb_column][\/et_pb_row][\/et_pb_section]<\/p>\n","protected":false},"excerpt":{"rendered":"<p>Photographie (5326)Contactez-nous ! T\u00e9l\u00e9phone : (514) 878 &#8211; 1414E-mail: info@april-fortier.com Photographie (5326)Aper\u00e7u du programme Le programme d\u2019\u00e9tudes professionnelles Photographie (5326) pr\u00e9pare \u00e0 l\u2019exercice du m\u00e9tier de photographe et aux fonctions connexes d\u2019assistante ou assistant \u00e0 la prise de vue et de technicienne ou technicien en imagerie photographique. Le ou la photographe dipl\u00f4m\u00e9(e) intervient dans divers [&hellip;]<\/p>\n","protected":false},"author":1,"featured_media":0,"parent":882,"menu_order":0,"comment_status":"closed","ping_status":"closed","template":"","meta":{"_et_pb_use_builder":"on","_et_pb_old_content":"","_et_gb_content_width":"","footnotes":""},"class_list":["post-922","page","type-page","status-publish","hentry"],"yoast_head":"<!-- This site is optimized with the Yoast SEO plugin v27.5 - https:\/\/yoast.com\/product\/yoast-seo-wordpress\/ -->\n<title>Photographie - College April-Fortier<\/title>\n<meta name=\"robots\" content=\"index, follow, max-snippet:-1, max-image-preview:large, max-video-preview:-1\" \/>\n<link rel=\"canonical\" href=\"https:\/\/www.april-fortier.com\/fr\/programmes\/dep\/photographie\/\" \/>\n<meta property=\"og:locale\" content=\"fr_FR\" \/>\n<meta property=\"og:type\" content=\"article\" \/>\n<meta property=\"og:title\" content=\"Photographie - College April-Fortier\" \/>\n<meta property=\"og:description\" content=\"Photographie (5326)Contactez-nous ! T\u00e9l\u00e9phone : (514) 878 - 1414E-mail: info@april-fortier.com Photographie (5326)Aper\u00e7u du programme Le programme d\u2019\u00e9tudes professionnelles Photographie (5326) pr\u00e9pare \u00e0 l\u2019exercice du m\u00e9tier de photographe et aux fonctions connexes d\u2019assistante ou assistant \u00e0 la prise de vue et de technicienne ou technicien en imagerie photographique. Le ou la photographe dipl\u00f4m\u00e9(e) intervient dans divers [&hellip;]\" \/>\n<meta property=\"og:url\" content=\"https:\/\/www.april-fortier.com\/fr\/programmes\/dep\/photographie\/\" \/>\n<meta property=\"og:site_name\" content=\"College April-Fortier\" \/>\n<meta property=\"article:modified_time\" content=\"2026-04-29T02:25:18+00:00\" \/>\n<meta name=\"twitter:card\" content=\"summary_large_image\" \/>\n<script type=\"application\/ld+json\" class=\"yoast-schema-graph\">{\"@context\":\"https:\\\/\\\/schema.org\",\"@graph\":[{\"@type\":\"WebPage\",\"@id\":\"https:\\\/\\\/www.april-fortier.com\\\/fr\\\/programmes\\\/dep\\\/photographie\\\/\",\"url\":\"https:\\\/\\\/www.april-fortier.com\\\/fr\\\/programmes\\\/dep\\\/photographie\\\/\",\"name\":\"Photographie - College April-Fortier\",\"isPartOf\":{\"@id\":\"https:\\\/\\\/www.april-fortier.com\\\/fr\\\/#website\"},\"datePublished\":\"2026-04-28T01:44:20+00:00\",\"dateModified\":\"2026-04-29T02:25:18+00:00\",\"breadcrumb\":{\"@id\":\"https:\\\/\\\/www.april-fortier.com\\\/fr\\\/programmes\\\/dep\\\/photographie\\\/#breadcrumb\"},\"inLanguage\":\"fr-FR\",\"potentialAction\":[{\"@type\":\"ReadAction\",\"target\":[\"https:\\\/\\\/www.april-fortier.com\\\/fr\\\/programmes\\\/dep\\\/photographie\\\/\"]}]},{\"@type\":\"BreadcrumbList\",\"@id\":\"https:\\\/\\\/www.april-fortier.com\\\/fr\\\/programmes\\\/dep\\\/photographie\\\/#breadcrumb\",\"itemListElement\":[{\"@type\":\"ListItem\",\"position\":1,\"name\":\"Home\",\"item\":\"https:\\\/\\\/www.april-fortier.com\\\/fr\\\/\"},{\"@type\":\"ListItem\",\"position\":2,\"name\":\"Programmes\",\"item\":\"https:\\\/\\\/www.april-fortier.com\\\/fr\\\/programmes\\\/\"},{\"@type\":\"ListItem\",\"position\":3,\"name\":\"Dipl\u00f4mes d\u2019\u00e9tudes professionnelles\",\"item\":\"https:\\\/\\\/www.april-fortier.com\\\/fr\\\/programmes\\\/dep\\\/\"},{\"@type\":\"ListItem\",\"position\":4,\"name\":\"Photographie\"}]},{\"@type\":\"WebSite\",\"@id\":\"https:\\\/\\\/www.april-fortier.com\\\/fr\\\/#website\",\"url\":\"https:\\\/\\\/www.april-fortier.com\\\/fr\\\/\",\"name\":\"College April-Fortier\",\"description\":\"College April-Fortier\",\"publisher\":{\"@id\":\"https:\\\/\\\/www.april-fortier.com\\\/fr\\\/#organization\"},\"potentialAction\":[{\"@type\":\"SearchAction\",\"target\":{\"@type\":\"EntryPoint\",\"urlTemplate\":\"https:\\\/\\\/www.april-fortier.com\\\/fr\\\/?s={search_term_string}\"},\"query-input\":{\"@type\":\"PropertyValueSpecification\",\"valueRequired\":true,\"valueName\":\"search_term_string\"}}],\"inLanguage\":\"fr-FR\"},{\"@type\":\"Organization\",\"@id\":\"https:\\\/\\\/www.april-fortier.com\\\/fr\\\/#organization\",\"name\":\"College April-Fortier\",\"url\":\"https:\\\/\\\/www.april-fortier.com\\\/fr\\\/\",\"logo\":{\"@type\":\"ImageObject\",\"inLanguage\":\"fr-FR\",\"@id\":\"https:\\\/\\\/www.april-fortier.com\\\/fr\\\/#\\\/schema\\\/logo\\\/image\\\/\",\"url\":\"https:\\\/\\\/www.aprilfortier.ca\\\/wp-content\\\/uploads\\\/2026\\\/02\\\/Aprilfortier-logo-colored-FR-01-1250.png\",\"contentUrl\":\"https:\\\/\\\/www.aprilfortier.ca\\\/wp-content\\\/uploads\\\/2026\\\/02\\\/Aprilfortier-logo-colored-FR-01-1250.png\",\"width\":2500,\"height\":1250,\"caption\":\"College April-Fortier\"},\"image\":{\"@id\":\"https:\\\/\\\/www.april-fortier.com\\\/fr\\\/#\\\/schema\\\/logo\\\/image\\\/\"}}]}<\/script>\n<!-- \/ Yoast SEO plugin. -->","yoast_head_json":{"title":"Photographie - College April-Fortier","robots":{"index":"index","follow":"follow","max-snippet":"max-snippet:-1","max-image-preview":"max-image-preview:large","max-video-preview":"max-video-preview:-1"},"canonical":"https:\/\/www.april-fortier.com\/fr\/programmes\/dep\/photographie\/","og_locale":"fr_FR","og_type":"article","og_title":"Photographie - College April-Fortier","og_description":"Photographie (5326)Contactez-nous ! T\u00e9l\u00e9phone : (514) 878 - 1414E-mail: info@april-fortier.com Photographie (5326)Aper\u00e7u du programme Le programme d\u2019\u00e9tudes professionnelles Photographie (5326) pr\u00e9pare \u00e0 l\u2019exercice du m\u00e9tier de photographe et aux fonctions connexes d\u2019assistante ou assistant \u00e0 la prise de vue et de technicienne ou technicien en imagerie photographique. Le ou la photographe dipl\u00f4m\u00e9(e) intervient dans divers [&hellip;]","og_url":"https:\/\/www.april-fortier.com\/fr\/programmes\/dep\/photographie\/","og_site_name":"College April-Fortier","article_modified_time":"2026-04-29T02:25:18+00:00","twitter_card":"summary_large_image","schema":{"@context":"https:\/\/schema.org","@graph":[{"@type":"WebPage","@id":"https:\/\/www.april-fortier.com\/fr\/programmes\/dep\/photographie\/","url":"https:\/\/www.april-fortier.com\/fr\/programmes\/dep\/photographie\/","name":"Photographie - College April-Fortier","isPartOf":{"@id":"https:\/\/www.april-fortier.com\/fr\/#website"},"datePublished":"2026-04-28T01:44:20+00:00","dateModified":"2026-04-29T02:25:18+00:00","breadcrumb":{"@id":"https:\/\/www.april-fortier.com\/fr\/programmes\/dep\/photographie\/#breadcrumb"},"inLanguage":"fr-FR","potentialAction":[{"@type":"ReadAction","target":["https:\/\/www.april-fortier.com\/fr\/programmes\/dep\/photographie\/"]}]},{"@type":"BreadcrumbList","@id":"https:\/\/www.april-fortier.com\/fr\/programmes\/dep\/photographie\/#breadcrumb","itemListElement":[{"@type":"ListItem","position":1,"name":"Home","item":"https:\/\/www.april-fortier.com\/fr\/"},{"@type":"ListItem","position":2,"name":"Programmes","item":"https:\/\/www.april-fortier.com\/fr\/programmes\/"},{"@type":"ListItem","position":3,"name":"Dipl\u00f4mes d\u2019\u00e9tudes professionnelles","item":"https:\/\/www.april-fortier.com\/fr\/programmes\/dep\/"},{"@type":"ListItem","position":4,"name":"Photographie"}]},{"@type":"WebSite","@id":"https:\/\/www.april-fortier.com\/fr\/#website","url":"https:\/\/www.april-fortier.com\/fr\/","name":"College April-Fortier","description":"College April-Fortier","publisher":{"@id":"https:\/\/www.april-fortier.com\/fr\/#organization"},"potentialAction":[{"@type":"SearchAction","target":{"@type":"EntryPoint","urlTemplate":"https:\/\/www.april-fortier.com\/fr\/?s={search_term_string}"},"query-input":{"@type":"PropertyValueSpecification","valueRequired":true,"valueName":"search_term_string"}}],"inLanguage":"fr-FR"},{"@type":"Organization","@id":"https:\/\/www.april-fortier.com\/fr\/#organization","name":"College April-Fortier","url":"https:\/\/www.april-fortier.com\/fr\/","logo":{"@type":"ImageObject","inLanguage":"fr-FR","@id":"https:\/\/www.april-fortier.com\/fr\/#\/schema\/logo\/image\/","url":"https:\/\/www.aprilfortier.ca\/wp-content\/uploads\/2026\/02\/Aprilfortier-logo-colored-FR-01-1250.png","contentUrl":"https:\/\/www.aprilfortier.ca\/wp-content\/uploads\/2026\/02\/Aprilfortier-logo-colored-FR-01-1250.png","width":2500,"height":1250,"caption":"College April-Fortier"},"image":{"@id":"https:\/\/www.april-fortier.com\/fr\/#\/schema\/logo\/image\/"}}]}},"_links":{"self":[{"href":"https:\/\/www.april-fortier.com\/fr\/wp-json\/wp\/v2\/pages\/922","targetHints":{"allow":["GET"]}}],"collection":[{"href":"https:\/\/www.april-fortier.com\/fr\/wp-json\/wp\/v2\/pages"}],"about":[{"href":"https:\/\/www.april-fortier.com\/fr\/wp-json\/wp\/v2\/types\/page"}],"author":[{"embeddable":true,"href":"https:\/\/www.april-fortier.com\/fr\/wp-json\/wp\/v2\/users\/1"}],"replies":[{"embeddable":true,"href":"https:\/\/www.april-fortier.com\/fr\/wp-json\/wp\/v2\/comments?post=922"}],"version-history":[{"count":3,"href":"https:\/\/www.april-fortier.com\/fr\/wp-json\/wp\/v2\/pages\/922\/revisions"}],"predecessor-version":[{"id":932,"href":"https:\/\/www.april-fortier.com\/fr\/wp-json\/wp\/v2\/pages\/922\/revisions\/932"}],"up":[{"embeddable":true,"href":"https:\/\/www.april-fortier.com\/fr\/wp-json\/wp\/v2\/pages\/882"}],"wp:attachment":[{"href":"https:\/\/www.april-fortier.com\/fr\/wp-json\/wp\/v2\/media?parent=922"}],"curies":[{"name":"wp","href":"https:\/\/api.w.org\/{rel}","templated":true}]}}