{"id":900,"date":"2026-04-27T22:44:46","date_gmt":"2026-04-27T22:44:46","guid":{"rendered":"https:\/\/www.aprilfortier.ca\/programmes\/aec\/transportation-logistics\/"},"modified":"2026-04-29T01:18:18","modified_gmt":"2026-04-29T01:18:18","slug":"logistique-du-transport","status":"publish","type":"page","link":"https:\/\/www.april-fortier.com\/fr\/programmes\/aec\/logistique-du-transport\/","title":{"rendered":"Logistique du transport"},"content":{"rendered":"<p>[et_pb_section fb_built=\u00a0\u00bb1&Prime; admin_label=\u00a0\u00bbHero section\u00a0\u00bb _builder_version=\u00a0\u00bb4.27.6&Prime; use_background_color_gradient=\u00a0\u00bbon\u00a0\u00bb background_color_gradient_stops=\u00a0\u00bbrgba(150,105,97,0.38) 0%|rgba(0,26,79,0.84) 100%\u00a0\u00bb background_color_gradient_overlays_image=\u00a0\u00bbon\u00a0\u00bb background_color_gradient_start=\u00a0\u00bbrgba(150,105,97,0.67)\u00a0\u00bb background_color_gradient_end=\u00a0\u00bbrgba(2,0,76,0.84)\u00a0\u00bb background_image=\u00a0\u00bbhttps:\/\/www.aprilfortier.ca\/wp-content\/uploads\/2026\/04\/truck.jpg\u00a0\u00bb custom_margin=\u00a0\u00bb|||\u00a0\u00bb custom_padding=\u00a0\u00bb5%||12%||false|false\u00a0\u00bb global_colors_info=\u00a0\u00bb{}\u00a0\u00bb][et_pb_row column_structure=\u00a0\u00bb2_3,1_3&Prime; _builder_version=\u00a0\u00bb4.16&Prime; custom_margin=\u00a0\u00bb|||\u00a0\u00bb global_colors_info=\u00a0\u00bb{}\u00a0\u00bb][et_pb_column type=\u00a0\u00bb2_3&Prime; _builder_version=\u00a0\u00bb4.16&Prime; custom_padding=\u00a0\u00bb1px|||\u00a0\u00bb global_colors_info=\u00a0\u00bb{}\u00a0\u00bb custom_padding__hover=\u00a0\u00bb|||\u00a0\u00bb][et_pb_cta title=\u00a0\u00bbColl\u00e8ge APRIL-FORTIER\u00a0\u00bb button_url=\u00a0\u00bb@ET-DC@eyJkeW5hbWljIjp0cnVlLCJjb250ZW50IjoicG9zdF9saW5rX3VybF9wYWdlIiwic2V0dGluZ3MiOnsicG9zdF9pZCI6IjQ0NSJ9fQ==@\u00a0\u00bb button_text=\u00a0\u00bbInscription\u00a0\u00bb _builder_version=\u00a0\u00bb4.27.6&Prime; _dynamic_attributes=\u00a0\u00bbbutton_url\u00a0\u00bb header_level=\u00a0\u00bbh1&Prime; header_font=\u00a0\u00bb|700||on|||||\u00a0\u00bb header_font_size=\u00a0\u00bb46px\u00a0\u00bb header_letter_spacing=\u00a0\u00bb2px\u00a0\u00bb header_line_height=\u00a0\u00bb1.2em\u00a0\u00bb body_font=\u00a0\u00bb|600|||||||\u00a0\u00bb body_font_size=\u00a0\u00bb38px\u00a0\u00bb body_line_height=\u00a0\u00bb1.8em\u00a0\u00bb use_background_color=\u00a0\u00bboff\u00a0\u00bb custom_button=\u00a0\u00bbon\u00a0\u00bb button_text_size=\u00a0\u00bb18px\u00a0\u00bb button_text_color=\u00a0\u00bb#ffffff\u00a0\u00bb button_bg_color=\u00a0\u00bb#f25c05&Prime; button_border_width=\u00a0\u00bb0px\u00a0\u00bb button_border_color=\u00a0\u00bb#fa7f28&Prime; button_border_radius=\u00a0\u00bb5px\u00a0\u00bb button_letter_spacing=\u00a0\u00bb0px\u00a0\u00bb button_font=\u00a0\u00bb|600|||||||\u00a0\u00bb button_use_icon=\u00a0\u00bboff\u00a0\u00bb button_custom_padding=\u00a0\u00bb8px|25px|8px|25px|true|true\u00a0\u00bb text_orientation=\u00a0\u00bbleft\u00a0\u00bb max_width=\u00a0\u00bb750px\u00a0\u00bb module_alignment=\u00a0\u00bbleft\u00a0\u00bb animation_style=\u00a0\u00bbfold\u00a0\u00bb animation_intensity_fold=\u00a0\u00bb16%\u00a0\u00bb hover_enabled=\u00a0\u00bb0&Prime; header_font_size_tablet=\u00a0\u00bb46px\u00a0\u00bb header_font_size_phone=\u00a0\u00bb\u00a0\u00bb header_font_size_last_edited=\u00a0\u00bbon|tablet\u00a0\u00bb button_text_size_tablet=\u00a0\u00bb18px\u00a0\u00bb button_text_size_phone=\u00a0\u00bb18px\u00a0\u00bb button_text_size_last_edited=\u00a0\u00bbon|desktop\u00a0\u00bb header_text_shadow_style=\u00a0\u00bbpreset1&Prime; header_text_shadow_blur_strength=\u00a0\u00bb0.6em\u00a0\u00bb header_text_shadow_color=\u00a0\u00bbrgba(0,0,0,0.6)\u00a0\u00bb box_shadow_style_button=\u00a0\u00bbpreset2&Prime; box_shadow_color_button=\u00a0\u00bbrgba(250,127,40,0.15)\u00a0\u00bb button_letter_spacing_hover=\u00a0\u00bb2px\u00a0\u00bb global_colors_info=\u00a0\u00bb{}\u00a0\u00bb button_text_size__hover_enabled=\u00a0\u00bboff\u00a0\u00bb button_one_text_size__hover_enabled=\u00a0\u00bboff\u00a0\u00bb button_two_text_size__hover_enabled=\u00a0\u00bboff\u00a0\u00bb button_text_color__hover_enabled=\u00a0\u00bboff\u00a0\u00bb button_one_text_color__hover_enabled=\u00a0\u00bboff\u00a0\u00bb button_two_text_color__hover_enabled=\u00a0\u00bboff\u00a0\u00bb button_border_width__hover_enabled=\u00a0\u00bboff\u00a0\u00bb button_one_border_width__hover_enabled=\u00a0\u00bboff\u00a0\u00bb button_two_border_width__hover_enabled=\u00a0\u00bboff\u00a0\u00bb button_border_color__hover_enabled=\u00a0\u00bboff\u00a0\u00bb button_one_border_color__hover_enabled=\u00a0\u00bboff\u00a0\u00bb button_two_border_color__hover_enabled=\u00a0\u00bboff\u00a0\u00bb button_border_radius__hover_enabled=\u00a0\u00bboff\u00a0\u00bb button_one_border_radius__hover_enabled=\u00a0\u00bboff\u00a0\u00bb button_two_border_radius__hover_enabled=\u00a0\u00bboff\u00a0\u00bb button_letter_spacing__hover_enabled=\u00a0\u00bboff|desktop\u00a0\u00bb button_letter_spacing__hover=\u00a0\u00bb2px\u00a0\u00bb button_one_letter_spacing__hover_enabled=\u00a0\u00bboff\u00a0\u00bb button_two_letter_spacing__hover_enabled=\u00a0\u00bboff\u00a0\u00bb button_bg_color__hover_enabled=\u00a0\u00bbon|hover\u00a0\u00bb button_one_bg_color__hover_enabled=\u00a0\u00bboff\u00a0\u00bb button_two_bg_color__hover_enabled=\u00a0\u00bboff\u00a0\u00bb button_bg_color__hover=\u00a0\u00bb#c94904&Prime; button_bg_enable_color__hover=\u00a0\u00bbon\u00a0\u00bb sticky_enabled=\u00a0\u00bb0&Prime;]<\/p>\n<p>Logistique du transport (LCA.FY)<\/p>\n<p>[\/et_pb_cta][\/et_pb_column][et_pb_column type=\u00a0\u00bb1_3&Prime; _builder_version=\u00a0\u00bb4.16&Prime; custom_padding=\u00a0\u00bb|||\u00a0\u00bb global_colors_info=\u00a0\u00bb{}\u00a0\u00bb custom_padding__hover=\u00a0\u00bb|||\u00a0\u00bb][et_pb_text _builder_version=\u00a0\u00bb4.27.6&Prime; text_font=\u00a0\u00bbLato||||||||\u00a0\u00bb text_text_color=\u00a0\u00bb#ffffff\u00a0\u00bb text_font_size=\u00a0\u00bb16px\u00a0\u00bb text_line_height=\u00a0\u00bb2em\u00a0\u00bb link_font=\u00a0\u00bb||||||||\u00a0\u00bb link_text_color=\u00a0\u00bb#ffffff\u00a0\u00bb header_font=\u00a0\u00bb|600|||||||\u00a0\u00bb header_2_font=\u00a0\u00bb||||||||\u00a0\u00bb header_3_font=\u00a0\u00bbLato|600|||||||\u00a0\u00bb header_3_font_size=\u00a0\u00bb24px\u00a0\u00bb header_3_line_height=\u00a0\u00bb1.5em\u00a0\u00bb background_color=\u00a0\u00bbrgba(36,36,76,0.62)\u00a0\u00bb background_layout=\u00a0\u00bbdark\u00a0\u00bb custom_margin=\u00a0\u00bb||||false|false\u00a0\u00bb custom_margin_tablet=\u00a0\u00bb40px|||\u00a0\u00bb custom_margin_last_edited=\u00a0\u00bboff|desktop\u00a0\u00bb custom_padding=\u00a0\u00bb30px|30px|40px|30px\u00a0\u00bb custom_padding_tablet=\u00a0\u00bb\u00a0\u00bb custom_padding_phone=\u00a0\u00bb\u00a0\u00bb custom_padding_last_edited=\u00a0\u00bbon|tablet\u00a0\u00bb animation_style=\u00a0\u00bbfold\u00a0\u00bb animation_delay=\u00a0\u00bb100ms\u00a0\u00bb border_radii=\u00a0\u00bbon|6px|6px|6px|6px\u00a0\u00bb border_color_all=\u00a0\u00bb#f25c05&Prime; border_width_top=\u00a0\u00bb6px\u00a0\u00bb global_module=\u00a0\u00bb574&Prime; saved_tabs=\u00a0\u00bball\u00a0\u00bb locked=\u00a0\u00bboff\u00a0\u00bb global_colors_info=\u00a0\u00bb{}\u00a0\u00bb]<\/p>\n<h3>Contactez-nous !<\/h3>\n<p><strong>T\u00e9l\u00e9phone :<\/strong> (514) 878 &#8211; 1414<br \/><strong>E-mail:<\/strong> <a href=\"mailto:info@april-fortier.com\" target=\"_blank\" rel=\"noopener\">info@april-fortier.com<\/a><\/p>\n<p>[\/et_pb_text][\/et_pb_column][\/et_pb_row][\/et_pb_section][et_pb_section fb_built=\u00a0\u00bb1&Prime; module_id=\u00a0\u00bbpage-anchor-section1&Prime; _builder_version=\u00a0\u00bb4.27.6&Prime; _module_preset=\u00a0\u00bbdefault\u00a0\u00bb global_colors_info=\u00a0\u00bb{}\u00a0\u00bb][et_pb_row _builder_version=\u00a0\u00bb4.27.4&Prime; _module_preset=\u00a0\u00bbdefault\u00a0\u00bb global_colors_info=\u00a0\u00bb{}\u00a0\u00bb][et_pb_column type=\u00a0\u00bb4_4&Prime; _builder_version=\u00a0\u00bb4.27.4&Prime; _module_preset=\u00a0\u00bbdefault\u00a0\u00bb global_colors_info=\u00a0\u00bb{}\u00a0\u00bb][et_pb_text _builder_version=\u00a0\u00bb4.27.6&Prime; _module_preset=\u00a0\u00bbdefault\u00a0\u00bb text_font=\u00a0\u00bb|600|||||||\u00a0\u00bb text_text_color=\u00a0\u00bb#033061&Prime; text_font_size=\u00a0\u00bb18px\u00a0\u00bb header_2_font=\u00a0\u00bb|600|||||||\u00a0\u00bb header_2_text_color=\u00a0\u00bb#033061&Prime; header_2_font_size=\u00a0\u00bb28px\u00a0\u00bb header_3_text_color=\u00a0\u00bb#033061&Prime; header_3_font_size=\u00a0\u00bb21px\u00a0\u00bb header_4_font=\u00a0\u00bb||on||||||\u00a0\u00bb header_4_text_color=\u00a0\u00bb#033061&Prime; header_4_font_size=\u00a0\u00bb16px\u00a0\u00bb header_5_text_color=\u00a0\u00bb#033061&Prime; header_5_font_size=\u00a0\u00bb20px\u00a0\u00bb header_5_line_height=\u00a0\u00bb1.6em\u00a0\u00bb hover_enabled=\u00a0\u00bb0&Prime; header_2_font_size_tablet=\u00a0\u00bb28px\u00a0\u00bb header_2_font_size_phone=\u00a0\u00bb28px\u00a0\u00bb header_2_font_size_last_edited=\u00a0\u00bbon|tablet\u00a0\u00bb global_colors_info=\u00a0\u00bb{}\u00a0\u00bb sticky_enabled=\u00a0\u00bb0&Prime;]<\/p>\n<h2>Logistique du transport (LCA.FY)<\/h2>\n<p>[\/et_pb_text][et_pb_text _builder_version=\u00a0\u00bb4.27.6&Prime; _module_preset=\u00a0\u00bbdefault\u00a0\u00bb text_font_size=\u00a0\u00bb15px\u00a0\u00bb header_2_font=\u00a0\u00bb|600|||||||\u00a0\u00bb header_2_text_color=\u00a0\u00bb#033061&Prime; header_2_font_size=\u00a0\u00bb28px\u00a0\u00bb header_2_line_height=\u00a0\u00bb1.7em\u00a0\u00bb header_3_text_color=\u00a0\u00bb#033061&Prime; header_3_font_size=\u00a0\u00bb21px\u00a0\u00bb header_4_font=\u00a0\u00bb|600|||||||\u00a0\u00bb header_4_text_color=\u00a0\u00bb#033061&Prime; header_4_font_size=\u00a0\u00bb20px\u00a0\u00bb header_4_line_height=\u00a0\u00bb1.5em\u00a0\u00bb header_5_text_color=\u00a0\u00bb#033061&Prime; header_5_font_size=\u00a0\u00bb20px\u00a0\u00bb header_5_line_height=\u00a0\u00bb1.6em\u00a0\u00bb hover_enabled=\u00a0\u00bb0&Prime; header_2_font_size_tablet=\u00a0\u00bb28px\u00a0\u00bb header_2_font_size_phone=\u00a0\u00bb28px\u00a0\u00bb header_2_font_size_last_edited=\u00a0\u00bbon|tablet\u00a0\u00bb global_colors_info=\u00a0\u00bb{}\u00a0\u00bb header_3_font=\u00a0\u00bb|600|||||||\u00a0\u00bb sticky_enabled=\u00a0\u00bb0&Prime;]<\/p>\n<h3>Aper\u00e7u du programme<\/h3>\n<p><span>Le programme <strong>Logistique du transport<\/strong> (LCA.FY) du Coll\u00e8ge April-Fortier est con\u00e7u pour former des techniciennes et techniciens sp\u00e9cialis\u00e9s capables de g\u00e9rer efficacement l\u2019ensemble des op\u00e9rations reli\u00e9es \u00e0 la cha\u00eene logistique, tant au niveau national qu\u2019international. Cette formation pr\u00e9pare les personnes apprenantes \u00e0 assumer des responsabilit\u00e9s li\u00e9es \u00e0 la gestion des approvisionnements, des stocks, du transport de marchandises et de personnes, de la distribution et du service \u00e0 la client\u00e8le, en int\u00e9grant les nouvelles technologies et les pratiques durables.<\/span><\/p>\n<p><span><\/span><\/p>\n<h3>Objectifs de la formation<\/h3>\n<p><span>Le programme vise \u00e0\u202f:<\/span><\/p>\n<ul>\n<li><span>D\u00e9velopper les comp\u00e9tences techniques et analytiques n\u00e9cessaires \u00e0 la planification et \u00e0 la gestion logistique;<\/span><\/li>\n<li><span>Former des sp\u00e9cialistes aptes \u00e0 organiser le transport de marchandises et de personnes, en conformit\u00e9 avec les lois et r\u00e8glements en vigueur;<\/span><\/li>\n<li><span>Permettre la ma\u00eetrise des outils informatiques et logiciels sp\u00e9cialis\u00e9s en logistique;<\/span><\/li>\n<li><span>Pr\u00e9parer les dipl\u00f4m\u00e9s \u00e0 int\u00e9grer un march\u00e9 du travail en forte croissance et marqu\u00e9 par une p\u00e9nurie de main-d\u2019\u0153uvre qualifi\u00e9e.<\/span><\/li>\n<\/ul>\n<h3><\/h3>\n<h3>Contenu de la formation<\/h3>\n<p><span>Le programme comprend 17 cours totalisant 1275 heures, incluant un stage en entreprise de 240 heures :<\/span><\/p>\n<ul>\n<li><span>Introduction \u00e0 la logistique du transport;<\/span><\/li>\n<li><span>Consid\u00e9rations g\u00e9ographiques en transport;<\/span><\/li>\n<li><span>Math\u00e9matiques appliqu\u00e9es \u00e0 la logistique;<\/span><\/li>\n<li><span>Outils et logiciels de gestion;<\/span><\/li>\n<li><span>Droit du transport, contrats et assurances;<\/span><\/li>\n<li><span>S\u00e9lection des modes de transport;<\/span><\/li>\n<li><span>Strat\u00e9gies de gestion d\u2019approvisionnements et des stocks;<\/span><\/li>\n<li><span>R\u00e9daction de rapports techniques;<\/span><\/li>\n<li><span>Transport national et international;<\/span><\/li>\n<li><span>Transport de personnes;<\/span><\/li>\n<li><span>Frais d\u2019exploitation en logistique du transport;<\/span><\/li>\n<li><span>Coordination de la cha\u00eene d\u2019approvisionnement;<\/span><\/li>\n<li><span>Gestion des op\u00e9rations du transport routier;<\/span><\/li>\n<li><span>Gestion du transport a\u00e9rien;<\/span><\/li>\n<li><span>D\u00e9douanement et accords internationaux;<\/span><\/li>\n<li><span>Superviser du personnel;<\/span><\/li>\n<li><span>Service \u00e0 la client\u00e8le;<\/span><\/li>\n<li><span>Stage en entreprise (240 heures).<\/span><\/li>\n<\/ul>\n<h3>Dur\u00e9e et horaire<\/h3>\n<p><span>La dur\u00e9e totale du programme est de <strong>1275 heures<\/strong> r\u00e9parties sur cinq sessions, \u00e0 temps plein. La formation est offerte en fran\u00e7ais et en anglais, en ligne et en pr\u00e9sentiel, sur le campus du Coll\u00e8ge April-Fortier. <\/span><\/p>\n<p><span>\u00a0<\/span><\/p>\n<h3>Conditions d\u2019admission<\/h3>\n<p><span>Pour \u00eatre admissible, la personne doit satisfaire aux conditions g\u00e9n\u00e9rales pr\u00e9vues par le R\u00e8glement sur le r\u00e9gime des \u00e9tudes coll\u00e9giales. Un pr\u00e9alable en math\u00e9matiques de niveau secondaire (CST 4, TS ou SN 4e, ou \u00e9quivalent) est requis (Nous offrons la mise \u00e0 niveau).<\/span><\/p>\n<h3>Cheminement p\u00e9dagogique<\/h3>\n<p><span>Le cheminement du programme se d\u00e9roule sur cinq sessions, avec une progression allant de l\u2019acquisition des connaissances de base en logistique jusqu\u2019\u00e0 la ma\u00eetrise des op\u00e9rations complexes et la mise en pratique en milieu professionnel lors du stage. Les cours permettent d\u2019int\u00e9grer progressivement les aspects th\u00e9oriques, pratiques et technologiques de la logistique.<\/span><\/p>\n<p><span><\/span><\/p>\n<h3>Perspectives d\u2019emploi<\/h3>\n<p><span>Les dipl\u00f4m\u00e9s pourront acc\u00e9der \u00e0 divers postes, notamment :<\/span><\/p>\n<ul>\n<li><span>Coordonnateur\/trice en logistique;<\/span><\/li>\n<li><span>Technicien\/ne en logistique du transport;<\/span><\/li>\n<li><span>Logisticien\/ne en distribution et entreposage;<\/span><\/li>\n<li><span>Coordonnateur\/trice au transport routier, a\u00e9rien, maritime ou ferroviaire;<\/span><\/li>\n<li><span>Superviseur\/e en gestion d\u2019approvisionnements et de stocks;<\/span><\/li>\n<li><span>Agent\/e en douanes et en logistique internationale.<\/span><\/li>\n<\/ul>\n<p><span>Les perspectives d\u2019emploi au Qu\u00e9bec et au Canada sont tr\u00e8s favorables, avec une demande croissante due \u00e0 la mondialisation et \u00e0 la transformation num\u00e9rique du secteur.<\/span><\/p>\n<h3>Lieu de la formation<\/h3>\n<p><span>Les cours sont offerts en ligne et en pr\u00e9sentiel au campus du Coll\u00e8ge April-Fortier, situ\u00e9 au centre-ville de Montr\u00e9al, \u00e0 proximit\u00e9 du m\u00e9tro Sherbrooke.<\/span><\/p>\n<p><span><\/span><\/p>\n<h3>Dipl\u00f4me et certificats d\u2019excellence<\/h3>\n<p>\u00c0 l\u2019issue de la formation, les personnes ayant compl\u00e9t\u00e9 le programme et satisfait aux exigences recevront une <strong>Attestation d\u2019\u00e9tudes coll\u00e9giales (AEC)<\/strong> \u00e9mise par le Coll\u00e8ge April-Fortier.<\/p>\n<p>Dans le but de reconna\u00eetre les efforts soutenus et les performances exceptionnelles des personnes \u00e9tudiantes, le Coll\u00e8ge April-Fortier remet des <strong>certificats d&rsquo;excellence<\/strong> aux personnes ayant obtenu des r\u00e9sultats acad\u00e9miques remarquables au terme de leur formation. Ces distinctions honorifiques sont attribu\u00e9es selon une \u00e9chelle de reconnaissance inspir\u00e9e des standards universitaires, incluant les mentions <strong>Cum Laude<\/strong> (avec honneur), <strong>Magna Cum Laude<\/strong> (avec grande distinction) et <strong>Summa Cum Laude<\/strong> (avec la plus haute distinction). Ces mentions sont accord\u00e9es en fonction de la moyenne finale obtenue. En plus de souligner le m\u00e9rite individuel, ces certificats constituent un atout professionnel valoris\u00e9 aupr\u00e8s des employeurs et partenaires du secteur.<\/p>\n<p>[\/et_pb_text][\/et_pb_column][\/et_pb_row][\/et_pb_section][et_pb_section fb_built=\u00a0\u00bb1&Prime; _builder_version=\u00a0\u00bb4.27.6&Prime; _module_preset=\u00a0\u00bbdefault\u00a0\u00bb use_background_color_gradient=\u00a0\u00bbon\u00a0\u00bb background_color_gradient_stops=\u00a0\u00bbrgba(0,0,0,0.7) 0%|rgba(0,0,0,0.7) 100%\u00a0\u00bb background_color_gradient_overlays_image=\u00a0\u00bbon\u00a0\u00bb background_image=\u00a0\u00bbhttps:\/\/www.aprilfortier.ca\/wp-content\/uploads\/2026\/02\/graduates-with-diplomas-SW.jpg\u00a0\u00bb background_position=\u00a0\u00bbbottom_center\u00a0\u00bb custom_padding=\u00a0\u00bb150px||150px||true|false\u00a0\u00bb global_module=\u00a0\u00bb299&Prime; saved_tabs=\u00a0\u00bball\u00a0\u00bb global_colors_info=\u00a0\u00bb{}\u00a0\u00bb][et_pb_row _builder_version=\u00a0\u00bb4.27.6&Prime; _module_preset=\u00a0\u00bbdefault\u00a0\u00bb global_colors_info=\u00a0\u00bb{}\u00a0\u00bb][et_pb_column type=\u00a0\u00bb4_4&Prime; _builder_version=\u00a0\u00bb4.27.6&Prime; _module_preset=\u00a0\u00bbdefault\u00a0\u00bb global_colors_info=\u00a0\u00bb{}\u00a0\u00bb][et_pb_text _builder_version=\u00a0\u00bb4.27.6&Prime; _module_preset=\u00a0\u00bbdefault\u00a0\u00bb header_font=\u00a0\u00bb|700|||||||\u00a0\u00bb header_text_align=\u00a0\u00bbcenter\u00a0\u00bb header_text_color=\u00a0\u00bb#FFFFFF\u00a0\u00bb header_2_font=\u00a0\u00bb||||||||\u00a0\u00bb header_2_text_align=\u00a0\u00bbcenter\u00a0\u00bb header_2_text_color=\u00a0\u00bb#FFFFFF\u00a0\u00bb custom_margin=\u00a0\u00bb||50px||false|false\u00a0\u00bb header_font_size_tablet=\u00a0\u00bb\u00a0\u00bb header_font_size_phone=\u00a0\u00bb28px\u00a0\u00bb header_font_size_last_edited=\u00a0\u00bbon|phone\u00a0\u00bb header_2_font_size_tablet=\u00a0\u00bb\u00a0\u00bb header_2_font_size_phone=\u00a0\u00bb20px\u00a0\u00bb header_2_font_size_last_edited=\u00a0\u00bbon|phone\u00a0\u00bb global_colors_info=\u00a0\u00bb{}\u00a0\u00bb]<\/p>\n<h1>Postulez d\u00e8s aujourd\u2019hui<\/h1>\n<h2>et faites le premier pas vers votre r\u00e9ussite !<\/h2>\n<p>[\/et_pb_text][et_pb_text _builder_version=\u00a0\u00bb4.27.6&Prime; _module_preset=\u00a0\u00bbdefault\u00a0\u00bb text_font_size=\u00a0\u00bb18px\u00a0\u00bb text_orientation=\u00a0\u00bbcenter\u00a0\u00bb background_layout=\u00a0\u00bbdark\u00a0\u00bb custom_padding=\u00a0\u00bb||25px||false|false\u00a0\u00bb text_font_size_tablet=\u00a0\u00bb16px\u00a0\u00bb text_font_size_phone=\u00a0\u00bb14px\u00a0\u00bb text_font_size_last_edited=\u00a0\u00bbon|desktop\u00a0\u00bb global_colors_info=\u00a0\u00bb{}\u00a0\u00bb]<\/p>\n<p>Nos \u00e9tudiantes et \u00e9tudiants \u00e9voluent dans un environnement d\u2019apprentissage stimulant et innovant, soutenus par une \u00e9quipe p\u00e9dagogique issue du milieu professionnel. Chaque cours, chaque atelier et chaque projet est pens\u00e9 pour favoriser la r\u00e9ussite scolaire et professionnelle, que ce soit en pr\u00e9sentiel \u00e0 Montr\u00e9al ou par l\u2019entremise de nos formations en ligne accessibles partout dans le monde.<\/p>\n<p>Gr\u00e2ce \u00e0 nos partenariats strat\u00e9giques avec des entreprises de renom dans le domaine du voyage, de l\u2019aviation, de l\u2019h\u00f4tellerie et de la gestion d\u2019\u00e9v\u00e9nements, nos dipl\u00f4m\u00e9es et dipl\u00f4m\u00e9s sont reconnus pour leur excellence, leur cr\u00e9ativit\u00e9 et leur professionnalisme. Ils se d\u00e9marquent au Qu\u00e9bec comme \u00e0 l\u2019international, b\u00e2tissant des carri\u00e8res durables et enrichissantes.<\/p>\n<p>[\/et_pb_text][et_pb_button button_url=\u00a0\u00bb@ET-DC@eyJkeW5hbWljIjp0cnVlLCJjb250ZW50IjoicG9zdF9saW5rX3VybF9wYWdlIiwic2V0dGluZ3MiOnsicG9zdF9pZCI6IjQ0NSJ9fQ==@\u00a0\u00bb button_text=\u00a0\u00bbInscription\u00a0\u00bb button_alignment=\u00a0\u00bbcenter\u00a0\u00bb _builder_version=\u00a0\u00bb4.27.6&Prime; _dynamic_attributes=\u00a0\u00bbbutton_url\u00a0\u00bb _module_preset=\u00a0\u00bbdefault\u00a0\u00bb custom_button=\u00a0\u00bbon\u00a0\u00bb button_text_size=\u00a0\u00bb18px\u00a0\u00bb button_text_color=\u00a0\u00bb#FFFFFF\u00a0\u00bb button_bg_color=\u00a0\u00bb#f25c05&Prime; button_border_width=\u00a0\u00bb0px\u00a0\u00bb button_use_icon=\u00a0\u00bboff\u00a0\u00bb background_layout=\u00a0\u00bbdark\u00a0\u00bb custom_padding=\u00a0\u00bb6px|25px|6px|25px|true|true\u00a0\u00bb button_text_size_tablet=\u00a0\u00bb18px\u00a0\u00bb button_text_size_phone=\u00a0\u00bb18px\u00a0\u00bb button_text_size_last_edited=\u00a0\u00bbon|desktop\u00a0\u00bb global_colors_info=\u00a0\u00bb{}\u00a0\u00bb button_bg_color__hover_enabled=\u00a0\u00bbon|desktop\u00a0\u00bb button_bg_color__hover=\u00a0\u00bb#c94904&Prime; button_bg_enable_color__hover=\u00a0\u00bbon\u00a0\u00bb][\/et_pb_button][\/et_pb_column][\/et_pb_row][\/et_pb_section][et_pb_section fb_built=\u00a0\u00bb1&Prime; _builder_version=\u00a0\u00bb4.27.6&Prime; _module_preset=\u00a0\u00bbdefault\u00a0\u00bb background_enable_color=\u00a0\u00bboff\u00a0\u00bb use_background_color_gradient=\u00a0\u00bbon\u00a0\u00bb background_color_gradient_stops=\u00a0\u00bbrgba(3,48,97,0.85) 0%|rgba(30,56,122,0.9) 100%\u00a0\u00bb background_color_gradient_overlays_image=\u00a0\u00bbon\u00a0\u00bb background_image=\u00a0\u00bbhttps:\/\/www.aprilfortier.ca\/wp-content\/uploads\/2026\/02\/graduates-with-diplomas-SW.jpg\u00a0\u00bb custom_margin=\u00a0\u00bb15px||||false|false\u00a0\u00bb custom_padding=\u00a0\u00bb2px||0px||false|false\u00a0\u00bb global_module=\u00a0\u00bb291&Prime; saved_tabs=\u00a0\u00bball\u00a0\u00bb global_colors_info=\u00a0\u00bb{}\u00a0\u00bb][et_pb_row column_structure=\u00a0\u00bb1_2,1_2&Prime; use_custom_gutter=\u00a0\u00bbon\u00a0\u00bb gutter_width=\u00a0\u00bb1&Prime; _builder_version=\u00a0\u00bb4.27.6&Prime; _module_preset=\u00a0\u00bbdefault\u00a0\u00bb background_color=\u00a0\u00bbrgba(255,255,255,0.85)\u00a0\u00bb width=\u00a0\u00bb100%\u00a0\u00bb max_width=\u00a0\u00bb100%\u00a0\u00bb custom_margin=\u00a0\u00bb0px||||false|false\u00a0\u00bb custom_padding=\u00a0\u00bb12px||12px||true|false\u00a0\u00bb global_colors_info=\u00a0\u00bb{}\u00a0\u00bb][et_pb_column type=\u00a0\u00bb1_2&Prime; _builder_version=\u00a0\u00bb4.27.4&Prime; _module_preset=\u00a0\u00bbdefault\u00a0\u00bb global_colors_info=\u00a0\u00bb{}\u00a0\u00bb][et_pb_text _builder_version=\u00a0\u00bb4.27.6&Prime; _module_preset=\u00a0\u00bbdefault\u00a0\u00bb text_font=\u00a0\u00bb|600|||||||\u00a0\u00bb text_text_color=\u00a0\u00bb#105491&Prime; text_line_height=\u00a0\u00bb1em\u00a0\u00bb text_orientation=\u00a0\u00bbcenter\u00a0\u00bb custom_margin=\u00a0\u00bb0px||0px||false|false\u00a0\u00bb custom_padding=\u00a0\u00bb0px||0px|35px|false|false\u00a0\u00bb global_colors_info=\u00a0\u00bb{}\u00a0\u00bb]Minist\u00e8re de l\u2019Enseignement sup\u00e9rieur, permit #749720[\/et_pb_text][\/et_pb_column][et_pb_column type=\u00a0\u00bb1_2&Prime; _builder_version=\u00a0\u00bb4.27.4&Prime; _module_preset=\u00a0\u00bbdefault\u00a0\u00bb global_colors_info=\u00a0\u00bb{}\u00a0\u00bb][et_pb_text _builder_version=\u00a0\u00bb4.27.6&Prime; _module_preset=\u00a0\u00bbdefault\u00a0\u00bb text_font=\u00a0\u00bb|600|||||||\u00a0\u00bb text_text_color=\u00a0\u00bb#105491&Prime; text_line_height=\u00a0\u00bb1em\u00a0\u00bb text_orientation=\u00a0\u00bbcenter\u00a0\u00bb custom_margin=\u00a0\u00bb0px||0px||false|false\u00a0\u00bb custom_padding=\u00a0\u00bb0px|35px|0px||false|false\u00a0\u00bb global_colors_info=\u00a0\u00bb{}\u00a0\u00bb]<\/p>\n<p><span lang=\"en-CA\">Minist\u00e8re de l\u2019\u00c9ducation, permit #668500<\/span><\/p>\n<p>[\/et_pb_text][\/et_pb_column][\/et_pb_row][et_pb_row column_structure=\u00a0\u00bb1_4,1_4,1_4,1_4&Prime; _builder_version=\u00a0\u00bb4.27.4&Prime; _module_preset=\u00a0\u00bbdefault\u00a0\u00bb global_colors_info=\u00a0\u00bb{}\u00a0\u00bb][et_pb_column type=\u00a0\u00bb1_4&Prime; _builder_version=\u00a0\u00bb4.20.2&Prime; _module_preset=\u00a0\u00bbdefault\u00a0\u00bb global_colors_info=\u00a0\u00bb{}\u00a0\u00bb][et_pb_image src=\u00a0\u00bbhttps:\/\/www.aprilfortier.ca\/wp-content\/uploads\/2026\/02\/Aprilfortier-logo-White-FR.png\u00a0\u00bb title_text=\u00a0\u00bbCollege April-Fortier\u00a0\u00bb _builder_version=\u00a0\u00bb4.27.6&Prime; _module_preset=\u00a0\u00bbdefault\u00a0\u00bb custom_margin=\u00a0\u00bb90px||||false|false\u00a0\u00bb global_colors_info=\u00a0\u00bb{}\u00a0\u00bb][\/et_pb_image][\/et_pb_column][et_pb_column type=\u00a0\u00bb1_4&Prime; _builder_version=\u00a0\u00bb4.20.2&Prime; _module_preset=\u00a0\u00bbdefault\u00a0\u00bb global_colors_info=\u00a0\u00bb{}\u00a0\u00bb][et_pb_text _builder_version=\u00a0\u00bb4.27.6&Prime; _module_preset=\u00a0\u00bbdefault\u00a0\u00bb background_layout=\u00a0\u00bbdark\u00a0\u00bb custom_margin=\u00a0\u00bb0px||0px||false|false\u00a0\u00bb custom_padding=\u00a0\u00bb0px||0px||false|false\u00a0\u00bb global_colors_info=\u00a0\u00bb{}\u00a0\u00bb]<\/p>\n<h2 class=\"text-center text-uppercase\">\u00c0 PROPOS DE NOUS<\/h2>\n<p>[\/et_pb_text][et_pb_divider color=\u00a0\u00bb#FFFFFF\u00a0\u00bb divider_position=\u00a0\u00bbcenter\u00a0\u00bb divider_weight=\u00a0\u00bb2px\u00a0\u00bb _builder_version=\u00a0\u00bb4.20.2&Prime; _module_preset=\u00a0\u00bbdefault\u00a0\u00bb custom_margin=\u00a0\u00bb0px||0px||false|false\u00a0\u00bb custom_padding=\u00a0\u00bb0px||0px||false|false\u00a0\u00bb global_colors_info=\u00a0\u00bb{}\u00a0\u00bb][\/et_pb_divider][et_pb_text _builder_version=\u00a0\u00bb4.27.6&Prime; _module_preset=\u00a0\u00bbdefault\u00a0\u00bb background_layout=\u00a0\u00bbdark\u00a0\u00bb global_colors_info=\u00a0\u00bb{}\u00a0\u00bb]Reconnue officiellement par le minist\u00e8re de l\u2019\u00c9ducation et le minist\u00e8re de l\u2019Enseignement sup\u00e9rieur, notre \u00e9tablissement d\u2019enseignement priv\u00e9 s\u2019impose comme une r\u00e9f\u00e9rence incontournable en mati\u00e8re de formation en tourisme, gestion d\u2019\u00e9v\u00e9nements touristiques \u00e9coresponsables et photographie professionnelle.[\/et_pb_text][\/et_pb_column][et_pb_column type=\u00a0\u00bb1_4&Prime; _builder_version=\u00a0\u00bb4.20.2&Prime; _module_preset=\u00a0\u00bbdefault\u00a0\u00bb global_colors_info=\u00a0\u00bb{}\u00a0\u00bb][et_pb_text _builder_version=\u00a0\u00bb4.27.6&Prime; _module_preset=\u00a0\u00bbdefault\u00a0\u00bb background_layout=\u00a0\u00bbdark\u00a0\u00bb custom_margin=\u00a0\u00bb0px||0px||false|false\u00a0\u00bb custom_padding=\u00a0\u00bb0px||0px||false|false\u00a0\u00bb global_colors_info=\u00a0\u00bb{}\u00a0\u00bb]<\/p>\n<h2 class=\"text-center text-uppercase\">LIENS RAPIDES<\/h2>\n<p>[\/et_pb_text][et_pb_divider color=\u00a0\u00bb#FFFFFF\u00a0\u00bb divider_position=\u00a0\u00bbcenter\u00a0\u00bb divider_weight=\u00a0\u00bb2px\u00a0\u00bb _builder_version=\u00a0\u00bb4.20.2&Prime; _module_preset=\u00a0\u00bbdefault\u00a0\u00bb custom_margin=\u00a0\u00bb0px||0px||false|false\u00a0\u00bb custom_padding=\u00a0\u00bb0px||0px||false|false\u00a0\u00bb global_colors_info=\u00a0\u00bb{}\u00a0\u00bb][\/et_pb_divider][et_pb_text _builder_version=\u00a0\u00bb4.27.6&Prime; _module_preset=\u00a0\u00bbdefault\u00a0\u00bb text_line_height=\u00a0\u00bb1.4em\u00a0\u00bb background_layout=\u00a0\u00bbdark\u00a0\u00bb global_colors_info=\u00a0\u00bb{}\u00a0\u00bb]<span style=\"color: #ffffff;\"><a href=\"https:\/\/login.microsoftonline.com\" target=\"_blank\" rel=\"noopener\" style=\"color: #ffffff;\">Office 365<\/a><\/span><\/p>\n<p><a href=\"https:\/\/www.april-fortier.com\/en\/bank\/\"><span style=\"color: #ffffff;\">Information bancaire du Coll\u00e8ge<\/span><\/a><\/p>\n<p><a href=\"https:\/\/www.april-fortier.com\/en\/college-regulations\/\"><span style=\"color: #ffffff;\">La r\u00e9glementation du Coll\u00e8ge<\/span><\/a><\/p>\n<p><span style=\"color: #ffffff;\"><a href=\"https:\/\/www.april-fortier.com\/en\/document\/brochure\/crqc_brochure_english.pdf\" target=\"_blank\" rel=\"noopener\" style=\"color: #ffffff;\">Brochure des programmes<\/a><\/span><\/p>\n<p><span style=\"color: #ffffff;\"><a href=\"https:\/\/www.april-fortier.com\/en\/careers\/\" style=\"color: #ffffff;\">Carri\u00e8res<\/a><\/span><\/p>\n<p><span style=\"color: #ffffff;\"><a href=\"https:\/\/www.april-fortier.com\/en\/contact-us\/\" style=\"color: #ffffff;\">Contactez-nous<\/a><\/span>[\/et_pb_text][\/et_pb_column][et_pb_column type=\u00a0\u00bb1_4&Prime; _builder_version=\u00a0\u00bb4.20.2&Prime; _module_preset=\u00a0\u00bbdefault\u00a0\u00bb global_colors_info=\u00a0\u00bb{}\u00a0\u00bb][et_pb_text _builder_version=\u00a0\u00bb4.27.6&Prime; _module_preset=\u00a0\u00bbdefault\u00a0\u00bb background_layout=\u00a0\u00bbdark\u00a0\u00bb custom_margin=\u00a0\u00bb0px||0px||false|false\u00a0\u00bb custom_padding=\u00a0\u00bb0px||0px||false|false\u00a0\u00bb global_colors_info=\u00a0\u00bb{}\u00a0\u00bb]<\/p>\n<h2 class=\"text-center text-uppercase\">NOS PROGRAMMES<\/h2>\n<p>[\/et_pb_text][et_pb_divider color=\u00a0\u00bb#FFFFFF\u00a0\u00bb divider_position=\u00a0\u00bbcenter\u00a0\u00bb divider_weight=\u00a0\u00bb2px\u00a0\u00bb _builder_version=\u00a0\u00bb4.20.2&Prime; _module_preset=\u00a0\u00bbdefault\u00a0\u00bb custom_margin=\u00a0\u00bb0px||0px||false|false\u00a0\u00bb custom_padding=\u00a0\u00bb0px||0px||false|false\u00a0\u00bb global_colors_info=\u00a0\u00bb{}\u00a0\u00bb][\/et_pb_divider][et_pb_text _builder_version=\u00a0\u00bb4.27.6&Prime; _module_preset=\u00a0\u00bbdefault\u00a0\u00bb text_line_height=\u00a0\u00bb1.5em\u00a0\u00bb background_layout=\u00a0\u00bbdark\u00a0\u00bb global_colors_info=\u00a0\u00bb{}\u00a0\u00bb]<span style=\"color: #ffffff;\"><a href=\"https:\/\/www.aprilfortier.ca\/fr\/programmes\/aec\/\" style=\"color: #ffffff;\">Attestations d&rsquo;\u00e9tudes coll\u00e9giales (AEC)<\/a><\/span><\/p>\n<p><span style=\"color: #ffffff;\"><a href=\"https:\/\/www.aprilfortier.ca\/fr\/programmes\/dcs\/\" style=\"color: #ffffff;\">Dipl\u00f4me d&rsquo;\u00e9tudes professionnelles (DEP)<\/a><\/span><\/p>\n<p><span style=\"color: #ffffff;\"><a href=\"https:\/\/www.aprilfortier.ca\/en\/diploma-of-vocational-studies-dvs\/\" style=\"color: #ffffff;\">Dipl\u00f4me d&rsquo;\u00e9tudes coll\u00e9giales (DEC)<\/a><\/span><\/p>\n<p><span style=\"color: #ffffff;\"><a href=\"https:\/\/www.aprilfortier.ca\/en\/continuing-education\/\" style=\"color: #ffffff;\">Formations continues<\/a><\/span>[\/et_pb_text][\/et_pb_column][\/et_pb_row][et_pb_row column_structure=\u00a0\u00bb1_2,1_2&Prime; _builder_version=\u00a0\u00bb4.27.4&Prime; _module_preset=\u00a0\u00bbdefault\u00a0\u00bb custom_margin=\u00a0\u00bb||||false|false\u00a0\u00bb custom_padding=\u00a0\u00bb||||false|false\u00a0\u00bb global_colors_info=\u00a0\u00bb{}\u00a0\u00bb][et_pb_column type=\u00a0\u00bb1_2&Prime; _builder_version=\u00a0\u00bb4.20.2&Prime; _module_preset=\u00a0\u00bbdefault\u00a0\u00bb global_colors_info=\u00a0\u00bb{}\u00a0\u00bb][et_pb_text _builder_version=\u00a0\u00bb4.27.6&Prime; _dynamic_attributes=\u00a0\u00bbcontent\u00a0\u00bb _module_preset=\u00a0\u00bbdefault\u00a0\u00bb text_text_color=\u00a0\u00bb#FFFFFF\u00a0\u00bb custom_margin=\u00a0\u00bb5px||||false|false\u00a0\u00bb global_colors_info=\u00a0\u00bb{}\u00a0\u00bb]@ET-DC@eyJkeW5hbWljIjp0cnVlLCJjb250ZW50IjoiY3VycmVudF9kYXRlIiwic2V0dGluZ3MiOnsiYmVmb3JlIjoiRHJvaXRzIGQnYXV0ZXVyICZjb3B5OyAiLCJhZnRlciI6IiBDb2xsXHUwMGU4Z2UgQXByaWwtRm9ydGllciB8IFRvdXMgZHJvaXRzIHJcdTAwZTlzZXJ2XHUwMGU5cy4iLCJkYXRlX2Zvcm1hdCI6ImN1c3RvbSIsImN1c3RvbV9kYXRlX2Zvcm1hdCI6IlkifX0=@[\/et_pb_text][\/et_pb_column][et_pb_column type=\u00a0\u00bb1_2&Prime; _builder_version=\u00a0\u00bb4.20.2&Prime; _module_preset=\u00a0\u00bbdefault\u00a0\u00bb global_colors_info=\u00a0\u00bb{}\u00a0\u00bb][et_pb_social_media_follow _builder_version=\u00a0\u00bb4.27.6&Prime; _module_preset=\u00a0\u00bbdefault\u00a0\u00bb text_orientation=\u00a0\u00bbright\u00a0\u00bb custom_margin=\u00a0\u00bb0px||||false|false\u00a0\u00bb custom_padding=\u00a0\u00bb0px||||false|false\u00a0\u00bb global_colors_info=\u00a0\u00bb{}\u00a0\u00bb][et_pb_social_media_follow_network social_network=\u00a0\u00bbfacebook\u00a0\u00bb url=\u00a0\u00bbhttps:\/\/www.facebook.com\/CollegeAprilFortierOfficiel\/\u00a0\u00bb _builder_version=\u00a0\u00bb4.27.6&Prime; _module_preset=\u00a0\u00bbdefault\u00a0\u00bb background_color=\u00a0\u00bb#3b5998&Prime; global_colors_info=\u00a0\u00bb{}\u00a0\u00bb follow_button=\u00a0\u00bboff\u00a0\u00bb url_new_window=\u00a0\u00bbon\u00a0\u00bb]facebook[\/et_pb_social_media_follow_network][et_pb_social_media_follow_network social_network=\u00a0\u00bbinstagram\u00a0\u00bb url=\u00a0\u00bbhttps:\/\/www.instagram.com\/collegeaprilfortierofficiel\/\u00a0\u00bb _builder_version=\u00a0\u00bb4.27.6&Prime; _module_preset=\u00a0\u00bbdefault\u00a0\u00bb background_color=\u00a0\u00bb#ea2c59&Prime; global_colors_info=\u00a0\u00bb{}\u00a0\u00bb follow_button=\u00a0\u00bboff\u00a0\u00bb url_new_window=\u00a0\u00bbon\u00a0\u00bb]instagram[\/et_pb_social_media_follow_network][et_pb_social_media_follow_network social_network=\u00a0\u00bblinkedin\u00a0\u00bb url=\u00a0\u00bbhttps:\/\/www.linkedin.com\/company\/college-april-fortier\u00a0\u00bb _builder_version=\u00a0\u00bb4.27.6&Prime; _module_preset=\u00a0\u00bbdefault\u00a0\u00bb background_color=\u00a0\u00bb#007bb6&Prime; global_colors_info=\u00a0\u00bb{}\u00a0\u00bb follow_button=\u00a0\u00bboff\u00a0\u00bb url_new_window=\u00a0\u00bbon\u00a0\u00bb]linkedin[\/et_pb_social_media_follow_network][et_pb_social_media_follow_network social_network=\u00a0\u00bbyoutube\u00a0\u00bb url=\u00a0\u00bbhttps:\/\/www.youtube.com\/user\/CollegeAprilFortier\u00a0\u00bb _builder_version=\u00a0\u00bb4.27.6&Prime; _module_preset=\u00a0\u00bbdefault\u00a0\u00bb background_color=\u00a0\u00bb#e20000&Prime; background_enable_color=\u00a0\u00bbon\u00a0\u00bb global_colors_info=\u00a0\u00bb{}\u00a0\u00bb follow_button=\u00a0\u00bboff\u00a0\u00bb url_new_window=\u00a0\u00bbon\u00a0\u00bb]youtube[\/et_pb_social_media_follow_network][\/et_pb_social_media_follow][\/et_pb_column][\/et_pb_row][\/et_pb_section]<\/p>\n","protected":false},"excerpt":{"rendered":"<p>Logistique du transport (LCA.FY)Contactez-nous ! T\u00e9l\u00e9phone : (514) 878 &#8211; 1414E-mail: info@april-fortier.com Logistique du transport (LCA.FY)Aper\u00e7u du programme Le programme Logistique du transport (LCA.FY) du Coll\u00e8ge April-Fortier est con\u00e7u pour former des techniciennes et techniciens sp\u00e9cialis\u00e9s capables de g\u00e9rer efficacement l\u2019ensemble des op\u00e9rations reli\u00e9es \u00e0 la cha\u00eene logistique, tant au niveau national qu\u2019international. Cette formation [&hellip;]<\/p>\n","protected":false},"author":1,"featured_media":0,"parent":875,"menu_order":0,"comment_status":"closed","ping_status":"closed","template":"","meta":{"_et_pb_use_builder":"on","_et_pb_old_content":"","_et_gb_content_width":"","footnotes":""},"class_list":["post-900","page","type-page","status-publish","hentry"],"yoast_head":"<!-- This site is optimized with the Yoast SEO plugin v27.5 - https:\/\/yoast.com\/product\/yoast-seo-wordpress\/ -->\n<title>Logistique du transport - College April-Fortier<\/title>\n<meta name=\"robots\" content=\"index, follow, max-snippet:-1, max-image-preview:large, max-video-preview:-1\" \/>\n<link rel=\"canonical\" href=\"https:\/\/www.april-fortier.com\/fr\/programmes\/aec\/logistique-du-transport\/\" \/>\n<meta property=\"og:locale\" content=\"fr_FR\" \/>\n<meta property=\"og:type\" content=\"article\" \/>\n<meta property=\"og:title\" content=\"Logistique du transport - College April-Fortier\" \/>\n<meta property=\"og:description\" content=\"Logistique du transport (LCA.FY)Contactez-nous ! T\u00e9l\u00e9phone : (514) 878 - 1414E-mail: info@april-fortier.com Logistique du transport (LCA.FY)Aper\u00e7u du programme Le programme Logistique du transport (LCA.FY) du Coll\u00e8ge April-Fortier est con\u00e7u pour former des techniciennes et techniciens sp\u00e9cialis\u00e9s capables de g\u00e9rer efficacement l\u2019ensemble des op\u00e9rations reli\u00e9es \u00e0 la cha\u00eene logistique, tant au niveau national qu\u2019international. Cette formation [&hellip;]\" \/>\n<meta property=\"og:url\" content=\"https:\/\/www.april-fortier.com\/fr\/programmes\/aec\/logistique-du-transport\/\" \/>\n<meta property=\"og:site_name\" content=\"College April-Fortier\" \/>\n<meta property=\"article:modified_time\" content=\"2026-04-29T01:18:18+00:00\" \/>\n<meta name=\"twitter:card\" content=\"summary_large_image\" \/>\n<script type=\"application\/ld+json\" class=\"yoast-schema-graph\">{\"@context\":\"https:\\\/\\\/schema.org\",\"@graph\":[{\"@type\":\"WebPage\",\"@id\":\"https:\\\/\\\/www.april-fortier.com\\\/fr\\\/programmes\\\/aec\\\/logistique-du-transport\\\/\",\"url\":\"https:\\\/\\\/www.april-fortier.com\\\/fr\\\/programmes\\\/aec\\\/logistique-du-transport\\\/\",\"name\":\"Logistique du transport - College April-Fortier\",\"isPartOf\":{\"@id\":\"https:\\\/\\\/www.april-fortier.com\\\/fr\\\/#website\"},\"datePublished\":\"2026-04-27T22:44:46+00:00\",\"dateModified\":\"2026-04-29T01:18:18+00:00\",\"breadcrumb\":{\"@id\":\"https:\\\/\\\/www.april-fortier.com\\\/fr\\\/programmes\\\/aec\\\/logistique-du-transport\\\/#breadcrumb\"},\"inLanguage\":\"fr-FR\",\"potentialAction\":[{\"@type\":\"ReadAction\",\"target\":[\"https:\\\/\\\/www.april-fortier.com\\\/fr\\\/programmes\\\/aec\\\/logistique-du-transport\\\/\"]}]},{\"@type\":\"BreadcrumbList\",\"@id\":\"https:\\\/\\\/www.april-fortier.com\\\/fr\\\/programmes\\\/aec\\\/logistique-du-transport\\\/#breadcrumb\",\"itemListElement\":[{\"@type\":\"ListItem\",\"position\":1,\"name\":\"Home\",\"item\":\"https:\\\/\\\/www.april-fortier.com\\\/fr\\\/\"},{\"@type\":\"ListItem\",\"position\":2,\"name\":\"Programmes\",\"item\":\"https:\\\/\\\/www.april-fortier.com\\\/fr\\\/programmes\\\/\"},{\"@type\":\"ListItem\",\"position\":3,\"name\":\"Attestations d\u2019\u00e9tudes coll\u00e9giales (AEC)\",\"item\":\"https:\\\/\\\/www.april-fortier.com\\\/fr\\\/programmes\\\/aec\\\/\"},{\"@type\":\"ListItem\",\"position\":4,\"name\":\"Logistique du transport\"}]},{\"@type\":\"WebSite\",\"@id\":\"https:\\\/\\\/www.april-fortier.com\\\/fr\\\/#website\",\"url\":\"https:\\\/\\\/www.april-fortier.com\\\/fr\\\/\",\"name\":\"College April-Fortier\",\"description\":\"College April-Fortier\",\"publisher\":{\"@id\":\"https:\\\/\\\/www.april-fortier.com\\\/fr\\\/#organization\"},\"potentialAction\":[{\"@type\":\"SearchAction\",\"target\":{\"@type\":\"EntryPoint\",\"urlTemplate\":\"https:\\\/\\\/www.april-fortier.com\\\/fr\\\/?s={search_term_string}\"},\"query-input\":{\"@type\":\"PropertyValueSpecification\",\"valueRequired\":true,\"valueName\":\"search_term_string\"}}],\"inLanguage\":\"fr-FR\"},{\"@type\":\"Organization\",\"@id\":\"https:\\\/\\\/www.april-fortier.com\\\/fr\\\/#organization\",\"name\":\"College April-Fortier\",\"url\":\"https:\\\/\\\/www.april-fortier.com\\\/fr\\\/\",\"logo\":{\"@type\":\"ImageObject\",\"inLanguage\":\"fr-FR\",\"@id\":\"https:\\\/\\\/www.april-fortier.com\\\/fr\\\/#\\\/schema\\\/logo\\\/image\\\/\",\"url\":\"https:\\\/\\\/www.aprilfortier.ca\\\/wp-content\\\/uploads\\\/2026\\\/02\\\/Aprilfortier-logo-colored-FR-01-1250.png\",\"contentUrl\":\"https:\\\/\\\/www.aprilfortier.ca\\\/wp-content\\\/uploads\\\/2026\\\/02\\\/Aprilfortier-logo-colored-FR-01-1250.png\",\"width\":2500,\"height\":1250,\"caption\":\"College April-Fortier\"},\"image\":{\"@id\":\"https:\\\/\\\/www.april-fortier.com\\\/fr\\\/#\\\/schema\\\/logo\\\/image\\\/\"}}]}<\/script>\n<!-- \/ Yoast SEO plugin. -->","yoast_head_json":{"title":"Logistique du transport - College April-Fortier","robots":{"index":"index","follow":"follow","max-snippet":"max-snippet:-1","max-image-preview":"max-image-preview:large","max-video-preview":"max-video-preview:-1"},"canonical":"https:\/\/www.april-fortier.com\/fr\/programmes\/aec\/logistique-du-transport\/","og_locale":"fr_FR","og_type":"article","og_title":"Logistique du transport - College April-Fortier","og_description":"Logistique du transport (LCA.FY)Contactez-nous ! T\u00e9l\u00e9phone : (514) 878 - 1414E-mail: info@april-fortier.com Logistique du transport (LCA.FY)Aper\u00e7u du programme Le programme Logistique du transport (LCA.FY) du Coll\u00e8ge April-Fortier est con\u00e7u pour former des techniciennes et techniciens sp\u00e9cialis\u00e9s capables de g\u00e9rer efficacement l\u2019ensemble des op\u00e9rations reli\u00e9es \u00e0 la cha\u00eene logistique, tant au niveau national qu\u2019international. Cette formation [&hellip;]","og_url":"https:\/\/www.april-fortier.com\/fr\/programmes\/aec\/logistique-du-transport\/","og_site_name":"College April-Fortier","article_modified_time":"2026-04-29T01:18:18+00:00","twitter_card":"summary_large_image","schema":{"@context":"https:\/\/schema.org","@graph":[{"@type":"WebPage","@id":"https:\/\/www.april-fortier.com\/fr\/programmes\/aec\/logistique-du-transport\/","url":"https:\/\/www.april-fortier.com\/fr\/programmes\/aec\/logistique-du-transport\/","name":"Logistique du transport - College April-Fortier","isPartOf":{"@id":"https:\/\/www.april-fortier.com\/fr\/#website"},"datePublished":"2026-04-27T22:44:46+00:00","dateModified":"2026-04-29T01:18:18+00:00","breadcrumb":{"@id":"https:\/\/www.april-fortier.com\/fr\/programmes\/aec\/logistique-du-transport\/#breadcrumb"},"inLanguage":"fr-FR","potentialAction":[{"@type":"ReadAction","target":["https:\/\/www.april-fortier.com\/fr\/programmes\/aec\/logistique-du-transport\/"]}]},{"@type":"BreadcrumbList","@id":"https:\/\/www.april-fortier.com\/fr\/programmes\/aec\/logistique-du-transport\/#breadcrumb","itemListElement":[{"@type":"ListItem","position":1,"name":"Home","item":"https:\/\/www.april-fortier.com\/fr\/"},{"@type":"ListItem","position":2,"name":"Programmes","item":"https:\/\/www.april-fortier.com\/fr\/programmes\/"},{"@type":"ListItem","position":3,"name":"Attestations d\u2019\u00e9tudes coll\u00e9giales (AEC)","item":"https:\/\/www.april-fortier.com\/fr\/programmes\/aec\/"},{"@type":"ListItem","position":4,"name":"Logistique du transport"}]},{"@type":"WebSite","@id":"https:\/\/www.april-fortier.com\/fr\/#website","url":"https:\/\/www.april-fortier.com\/fr\/","name":"College April-Fortier","description":"College April-Fortier","publisher":{"@id":"https:\/\/www.april-fortier.com\/fr\/#organization"},"potentialAction":[{"@type":"SearchAction","target":{"@type":"EntryPoint","urlTemplate":"https:\/\/www.april-fortier.com\/fr\/?s={search_term_string}"},"query-input":{"@type":"PropertyValueSpecification","valueRequired":true,"valueName":"search_term_string"}}],"inLanguage":"fr-FR"},{"@type":"Organization","@id":"https:\/\/www.april-fortier.com\/fr\/#organization","name":"College April-Fortier","url":"https:\/\/www.april-fortier.com\/fr\/","logo":{"@type":"ImageObject","inLanguage":"fr-FR","@id":"https:\/\/www.april-fortier.com\/fr\/#\/schema\/logo\/image\/","url":"https:\/\/www.aprilfortier.ca\/wp-content\/uploads\/2026\/02\/Aprilfortier-logo-colored-FR-01-1250.png","contentUrl":"https:\/\/www.aprilfortier.ca\/wp-content\/uploads\/2026\/02\/Aprilfortier-logo-colored-FR-01-1250.png","width":2500,"height":1250,"caption":"College April-Fortier"},"image":{"@id":"https:\/\/www.april-fortier.com\/fr\/#\/schema\/logo\/image\/"}}]}},"_links":{"self":[{"href":"https:\/\/www.april-fortier.com\/fr\/wp-json\/wp\/v2\/pages\/900","targetHints":{"allow":["GET"]}}],"collection":[{"href":"https:\/\/www.april-fortier.com\/fr\/wp-json\/wp\/v2\/pages"}],"about":[{"href":"https:\/\/www.april-fortier.com\/fr\/wp-json\/wp\/v2\/types\/page"}],"author":[{"embeddable":true,"href":"https:\/\/www.april-fortier.com\/fr\/wp-json\/wp\/v2\/users\/1"}],"replies":[{"embeddable":true,"href":"https:\/\/www.april-fortier.com\/fr\/wp-json\/wp\/v2\/comments?post=900"}],"version-history":[{"count":2,"href":"https:\/\/www.april-fortier.com\/fr\/wp-json\/wp\/v2\/pages\/900\/revisions"}],"predecessor-version":[{"id":911,"href":"https:\/\/www.april-fortier.com\/fr\/wp-json\/wp\/v2\/pages\/900\/revisions\/911"}],"up":[{"embeddable":true,"href":"https:\/\/www.april-fortier.com\/fr\/wp-json\/wp\/v2\/pages\/875"}],"wp:attachment":[{"href":"https:\/\/www.april-fortier.com\/fr\/wp-json\/wp\/v2\/media?parent=900"}],"curies":[{"name":"wp","href":"https:\/\/api.w.org\/{rel}","templated":true}]}}